{"id":28,"date":"2025-01-24T17:17:19","date_gmt":"2025-01-24T16:17:19","guid":{"rendered":"https:\/\/latordera.it\/?page_id=28"},"modified":"2025-04-03T10:15:49","modified_gmt":"2025-04-03T08:15:49","slug":"chi-siamo","status":"publish","type":"page","link":"https:\/\/latordera.it\/it\/chi-siamo\/","title":{"rendered":"Chi siamo"},"content":{"rendered":"\t\t<div data-elementor-type=\"wp-page\" data-elementor-id=\"28\" class=\"elementor elementor-28\">\n\t\t\t\t\t\t<section class=\"elementor-section elementor-top-section elementor-element elementor-element-6f46ea4 elementor-section-full_width wrapper-fuller section-normal elementor-section-height-default elementor-section-height-default default\" data-id=\"6f46ea4\" data-element_type=\"section\" data-settings=\"{&quot;background_background&quot;:&quot;classic&quot;}\">\n\t\t\t\t\t\t<div class=\"elementor-container elementor-column-gap-default\">\n\t\t\t\t\t<div class=\"elementor-column elementor-col-100 elementor-top-column elementor-element elementor-element-f3721d2\" data-id=\"f3721d2\" data-element_type=\"column\">\n\t\t\t<div class=\"elementor-widget-wrap elementor-element-populated\">\n\t\t\t\t\t\t<div class=\"elementor-element elementor-element-a132b81 title-xl elementor-widget__width-initial elementor-widget elementor-widget-naylatextwrapper\" data-id=\"a132b81\" data-element_type=\"widget\" data-widget_type=\"naylatextwrapper.default\">\n\t\t\t\t<div class=\"elementor-widget-container\">\n\t\t\t\t\t\n\n\n        <div class=\"text-wrapper  \">\n\n                            <h1 class=\"has-anim-text wordsUp fade  no-revert\" data-stagger=\"0.02\" data-duration=\"1.5\"data-delay=\"0.3\"data-scrub=\"false\" data-pin=\"false\">\n                    Bollicine di Famiglia, vini che raccontano la nostra Terra                <\/h1>\n\n            \n\n\n\n        <\/div>\n\n\n        \t\t\t\t<\/div>\n\t\t\t\t<\/div>\n\t\t\t\t<div class=\"elementor-element elementor-element-2c973f6 bodycopy-s elementor-widget__width-initial elementor-widget elementor-widget-naylatextwrapper\" data-id=\"2c973f6\" data-element_type=\"widget\" data-widget_type=\"naylatextwrapper.default\">\n\t\t\t\t<div class=\"elementor-widget-container\">\n\t\t\t\t\t\n\n\n        <div class=\"text-wrapper  \">\n\n            \n                <p class=\"text-text-p has-anim-text wordsUp fade  no-revert\" data-stagger=\"0.02\" data-duration=\"1.5\"data-delay=\"0.3\"data-scrub=\"false\" data-pin=\"false\">\n                    La Tordera \u00e8 prima di tutto una storia di famiglia, di territorio e di amore per la natura.                 <\/p>\n                \n            \n\n\n\n        <\/div>\n\n\n        \t\t\t\t<\/div>\n\t\t\t\t<\/div>\n\t\t\t\t\t<\/div>\n\t\t<\/div>\n\t\t\t\t\t<\/div>\n\t\t<\/section>\n\t\t\t\t<section class=\"elementor-section elementor-top-section elementor-element elementor-element-c40662d elementor-section-full_width wrapper-fuller section-normal elementor-section-height-default elementor-section-height-default default\" data-id=\"c40662d\" data-element_type=\"section\" data-settings=\"{&quot;background_background&quot;:&quot;classic&quot;}\">\n\t\t\t\t\t\t<div class=\"elementor-container elementor-column-gap-default\">\n\t\t\t\t\t<div class=\"elementor-column elementor-col-100 elementor-top-column elementor-element elementor-element-2e8a063\" data-id=\"2e8a063\" data-element_type=\"column\">\n\t\t\t<div class=\"elementor-widget-wrap elementor-element-populated\">\n\t\t\t\t\t\t<div class=\"elementor-element elementor-element-dcbc0a5 elementor-hidden-mobile elementor-widget elementor-widget-naylasingleimage\" data-id=\"dcbc0a5\" data-element_type=\"widget\" data-widget_type=\"naylasingleimage.default\">\n\t\t\t\t<div class=\"elementor-widget-container\">\n\t\t\t\t\t\n\n<div class=\"single-image align-left  has-anim-image slideDown  cursor-default  \" data-duration=1.5 data-delay=\"0.3\" data-scrub=\"false\" data-pin=\"false\" data-block-color=\"\" data-anim-out=\"\" data-image-scale=\"true\" >\n\n\n    <img decoding=\"async\" src=\"https:\/\/latordera.it\/app\/uploads\/2025\/03\/Chisiamo_hero_renatoepaolo.jpg\">\n    \n    \n\n<\/div>\n            \n            \n\n\n\t\t\t\t<\/div>\n\t\t\t\t<\/div>\n\t\t\t\t<div class=\"elementor-element elementor-element-d28ed93 elementor-hidden-desktop elementor-hidden-tablet elementor-widget elementor-widget-naylasingleimage\" data-id=\"d28ed93\" data-element_type=\"widget\" data-widget_type=\"naylasingleimage.default\">\n\t\t\t\t<div class=\"elementor-widget-container\">\n\t\t\t\t\t\n\n<div class=\"single-image align-left  has-anim-image slideDown  cursor-default  \" data-duration=1.5 data-delay=\"0.3\" data-scrub=\"false\" data-pin=\"false\" data-block-color=\"\" data-anim-out=\"\" data-image-scale=\"true\" >\n\n\n    <img decoding=\"async\" src=\"https:\/\/latordera.it\/app\/uploads\/2025\/03\/Chisiamo_hero_renatoepaolo_m.jpg\">\n    \n    \n\n<\/div>\n            \n            \n\n\n\t\t\t\t<\/div>\n\t\t\t\t<\/div>\n\t\t\t\t\t<\/div>\n\t\t<\/div>\n\t\t\t\t\t<\/div>\n\t\t<\/section>\n\t\t\t\t<section class=\"elementor-section elementor-top-section elementor-element elementor-element-998e118 elementor-section-full_width wrapper-fuller section-normal elementor-section-height-default elementor-section-height-default default\" data-id=\"998e118\" data-element_type=\"section\" data-settings=\"{&quot;background_background&quot;:&quot;classic&quot;}\">\n\t\t\t\t\t\t<div class=\"elementor-container elementor-column-gap-default\">\n\t\t\t\t\t<div class=\"elementor-column elementor-col-100 elementor-top-column elementor-element elementor-element-4d3a2dd\" data-id=\"4d3a2dd\" data-element_type=\"column\">\n\t\t\t<div class=\"elementor-widget-wrap elementor-element-populated\">\n\t\t\t\t\t\t<section class=\"elementor-section elementor-inner-section elementor-element elementor-element-d62d100 elementor-section-full_width wrapper-fuller section-normal elementor-section-height-default elementor-section-height-default default\" data-id=\"d62d100\" data-element_type=\"section\">\n\t\t\t\t\t\t<div class=\"elementor-container elementor-column-gap-default\">\n\t\t\t\t\t<div class=\"elementor-column elementor-col-100 elementor-inner-column elementor-element elementor-element-0d23172\" data-id=\"0d23172\" data-element_type=\"column\">\n\t\t\t<div class=\"elementor-widget-wrap elementor-element-populated\">\n\t\t\t\t\t\t<div class=\"elementor-element elementor-element-6e259fd bodycopy-m elementor-widget__width-initial elementor-widget elementor-widget-naylatextwrapper\" data-id=\"6e259fd\" data-element_type=\"widget\" data-widget_type=\"naylatextwrapper.default\">\n\t\t\t\t<div class=\"elementor-widget-container\">\n\t\t\t\t\t\n\n\n        <div class=\"text-wrapper  \">\n\n            \n                <p class=\"text-text-p has-anim-text wordsUp fade  no-revert\" data-stagger=\"0.02\" data-duration=\"1.5\"data-delay=\"0.3\"data-scrub=\"false\" data-pin=\"false\">\n                    Il nostro viaggio \u00e8 iniziato nel 1918, tra le colline del Cartizze, culla della nostra prima vigna. Guardiamo al futuro senza mai dimenticare chi siamo: figli di questa terra, custodi di un sapere antico che si rinnova con passione, vendemmia dopo vendemmia.                <\/p>\n                \n            \n\n\n\n        <\/div>\n\n\n        \t\t\t\t<\/div>\n\t\t\t\t<\/div>\n\t\t\t\t\t<\/div>\n\t\t<\/div>\n\t\t\t\t\t<\/div>\n\t\t<\/section>\n\t\t\t\t<section class=\"elementor-section elementor-inner-section elementor-element elementor-element-ea314c2 elementor-section-full_width wrapper-fuller section-normal elementor-section-height-default elementor-section-height-default default\" data-id=\"ea314c2\" data-element_type=\"section\">\n\t\t\t\t\t\t<div class=\"elementor-container elementor-column-gap-default\">\n\t\t\t\t\t<div class=\"elementor-column elementor-col-50 elementor-inner-column elementor-element elementor-element-623706f\" data-id=\"623706f\" data-element_type=\"column\">\n\t\t\t<div class=\"elementor-widget-wrap elementor-element-populated\">\n\t\t\t\t\t\t<div class=\"elementor-element elementor-element-1dc87d2 subtitle-s elementor-widget__width-initial elementor-widget elementor-widget-naylatextwrapper\" data-id=\"1dc87d2\" data-element_type=\"widget\" data-widget_type=\"naylatextwrapper.default\">\n\t\t\t\t<div class=\"elementor-widget-container\">\n\t\t\t\t\t\n\n\n        <div class=\"text-wrapper  \">\n\n            \n                <p class=\"text-text-p has-anim-text wordsUp fade  no-revert\" data-stagger=\"0.02\" data-duration=\"1.5\"data-delay=\"0.3\"data-scrub=\"false\" data-pin=\"false\">\n                    chi siamo                <\/p>\n                \n            \n\n\n\n        <\/div>\n\n\n        \t\t\t\t<\/div>\n\t\t\t\t<\/div>\n\t\t\t\t\t<\/div>\n\t\t<\/div>\n\t\t\t\t<div class=\"elementor-column elementor-col-50 elementor-inner-column elementor-element elementor-element-f6f9f51\" data-id=\"f6f9f51\" data-element_type=\"column\" data-settings=\"{&quot;background_background&quot;:&quot;classic&quot;}\">\n\t\t\t<div class=\"elementor-widget-wrap elementor-element-populated\">\n\t\t\t\t\t\t<div class=\"elementor-element elementor-element-844be6d bodycopy-xs elementor-widget elementor-widget-naylatextwrapper\" data-id=\"844be6d\" data-element_type=\"widget\" data-widget_type=\"naylatextwrapper.default\">\n\t\t\t\t<div class=\"elementor-widget-container\">\n\t\t\t\t\t\n\n\n        <div class=\"text-wrapper  \">\n\n            \n                <p class=\"text-text-p has-anim-text wordsUp fade  no-revert\" data-stagger=\"0.02\" data-duration=\"1.5\"data-delay=\"0.3\"data-scrub=\"false\" data-pin=\"false\">\n                    \u201cSiamo nati nella terra e siamo ancora contadini\u201d\n<br>\nInnoviamo senza dimenticare ci\u00f2 che ci ha resi quello che siamo oggi, perch\u00e9 ogni progresso ha senso solo se costruito sulle solide fondamenta della nostra storia. Per questo, ogni giorno coltiviamo in modo consapevole ed armonioso, ricordandoci sempre l\u2019importanza della terra e dei suoi tempi.\n<br>\nLa Tordera, per\u00f2, \u00e8 molto pi\u00f9 di una storia di famiglia: \u00e8 un intreccio di teste e di cuori che battono all\u2019unisono per un sogno comune, e di mani operose di chi ci sostiene lungo questo cammino e di chi sceglie i nostri vini per dare valore a istanti che restano nel tempo.                <\/p>\n                \n            \n\n\n\n        <\/div>\n\n\n        \t\t\t\t<\/div>\n\t\t\t\t<\/div>\n\t\t\t\t<div class=\"elementor-element elementor-element-5a9ac3c elementor-widget__width-auto elementor-widget-mobile__width-inherit elementor-widget elementor-widget-naylabutton\" data-id=\"5a9ac3c\" data-element_type=\"widget\" data-widget_type=\"naylabutton.default\">\n\t\t\t\t<div class=\"elementor-widget-container\">\n\t\t\t\t\t\n\n<!--  Button -->\n<div class=\"nayla-button underline icon-left  cursor-default\" >\n\n    <span class=\"left-icon\"><i aria-hidden=\"true\" class=\"material-icons md-fiber_manual_record\" data-md-icon=\"fiber_manual_record\"><\/i><\/span>\n\n    <a target=\"_blank\" href=\"https:\/\/youtu.be\/ONHhtZyUkg8\">Video corporate<\/a>\n\n    <span class=\"right-icon\"><i aria-hidden=\"true\" class=\"material-icons md-fiber_manual_record\" data-md-icon=\"fiber_manual_record\"><\/i><\/span>\n\n<\/div>\n<!--\/ Button -->\n\n\n\t\t\t\t<\/div>\n\t\t\t\t<\/div>\n\t\t\t\t\t<\/div>\n\t\t<\/div>\n\t\t\t\t\t<\/div>\n\t\t<\/section>\n\t\t\t\t\t<\/div>\n\t\t<\/div>\n\t\t\t\t\t<\/div>\n\t\t<\/section>\n\t\t\t\t<section class=\"elementor-section elementor-top-section elementor-element elementor-element-02d6187 elementor-section-full_width wrapper-fuller section-normal elementor-section-height-default elementor-section-height-default default\" data-id=\"02d6187\" data-element_type=\"section\" data-settings=\"{&quot;background_background&quot;:&quot;classic&quot;}\">\n\t\t\t\t\t\t<div class=\"elementor-container elementor-column-gap-default\">\n\t\t\t\t\t<div class=\"elementor-column elementor-col-50 elementor-top-column elementor-element elementor-element-2ab254f\" data-id=\"2ab254f\" data-element_type=\"column\">\n\t\t\t<div class=\"elementor-widget-wrap elementor-element-populated\">\n\t\t\t\t\t\t<div class=\"elementor-element elementor-element-fe6ac85 elementor-widget elementor-widget-naylasingleimage\" data-id=\"fe6ac85\" data-element_type=\"widget\" data-widget_type=\"naylasingleimage.default\">\n\t\t\t\t<div class=\"elementor-widget-container\">\n\t\t\t\t\t\n\n<div class=\"single-image align-left  has-anim-image slideDown  cursor-default  \" data-duration=1.5 data-delay=\"0.3\" data-scrub=\"false\" data-pin=\"false\" data-block-color=\"\" data-anim-out=\"\" data-image-scale=\"true\" >\n\n\n    <img decoding=\"async\" src=\"https:\/\/latordera.it\/app\/uploads\/2025\/02\/Chisiamo_dal1918_macrouva.jpg\">\n    \n    \n\n<\/div>\n            \n            \n\n\n\t\t\t\t<\/div>\n\t\t\t\t<\/div>\n\t\t\t\t\t<\/div>\n\t\t<\/div>\n\t\t\t\t<div class=\"elementor-column elementor-col-50 elementor-top-column elementor-element elementor-element-783ba87\" data-id=\"783ba87\" data-element_type=\"column\">\n\t\t\t<div class=\"elementor-widget-wrap elementor-element-populated\">\n\t\t\t\t\t\t<div class=\"elementor-element elementor-element-513b2ac title-l elementor-widget__width-initial elementor-widget elementor-widget-naylatextwrapper\" data-id=\"513b2ac\" data-element_type=\"widget\" data-widget_type=\"naylatextwrapper.default\">\n\t\t\t\t<div class=\"elementor-widget-container\">\n\t\t\t\t\t\n\n\n        <div class=\"text-wrapper  \">\n\n            \n                <p class=\"text-text-p has-anim-text wordsUp fade  no-revert\" data-stagger=\"0.02\" data-duration=\"1.5\"data-delay=\"0.3\"data-scrub=\"false\" data-pin=\"false\">\n                    Un secolo di passione e dedizione                <\/p>\n                \n            \n\n\n\n        <\/div>\n\n\n        \t\t\t\t<\/div>\n\t\t\t\t<\/div>\n\t\t\t\t<div class=\"elementor-element elementor-element-603b6b6 bodycopy-m elementor-widget__width-initial elementor-widget elementor-widget-naylatextwrapper\" data-id=\"603b6b6\" data-element_type=\"widget\" data-widget_type=\"naylatextwrapper.default\">\n\t\t\t\t<div class=\"elementor-widget-container\">\n\t\t\t\t\t\n\n\n        <div class=\"text-wrapper  \">\n\n            \n                <p class=\"text-text-p has-anim-text wordsUp fade  no-revert\" data-stagger=\"0.02\" data-duration=\"1.5\"data-delay=\"0.3\"data-scrub=\"false\" data-pin=\"false\">\n                    Le nostre origini sono l\u2019anima di una storia di famiglia. La Tordera \u00e8 pi\u00f9 di un nome, \u00e8 il cuore pulsante del nostro viaggio che inizi\u00f2 nel 1918 da un antico roccolo sulla collina del Cartizze.                <\/p>\n                \n            \n\n\n\n        <\/div>\n\n\n        \t\t\t\t<\/div>\n\t\t\t\t<\/div>\n\t\t\t\t<section class=\"elementor-section elementor-inner-section elementor-element elementor-element-211ddb7 elementor-section-full_width wrapper-fuller section-normal elementor-section-height-default elementor-section-height-default default\" data-id=\"211ddb7\" data-element_type=\"section\">\n\t\t\t\t\t\t<div class=\"elementor-container elementor-column-gap-default\">\n\t\t\t\t\t<div class=\"elementor-column elementor-col-33 elementor-inner-column elementor-element elementor-element-f3c5aa5\" data-id=\"f3c5aa5\" data-element_type=\"column\">\n\t\t\t<div class=\"elementor-widget-wrap\">\n\t\t\t\t\t\t\t<\/div>\n\t\t<\/div>\n\t\t\t\t<div class=\"elementor-column elementor-col-33 elementor-inner-column elementor-element elementor-element-621f5bf\" data-id=\"621f5bf\" data-element_type=\"column\">\n\t\t\t<div class=\"elementor-widget-wrap elementor-element-populated\">\n\t\t\t\t\t\t<div class=\"elementor-element elementor-element-9928c47 bodycopy-xs elementor-widget__width-initial elementor-widget elementor-widget-naylatextwrapper\" data-id=\"9928c47\" data-element_type=\"widget\" data-widget_type=\"naylatextwrapper.default\">\n\t\t\t\t<div class=\"elementor-widget-container\">\n\t\t\t\t\t\n\n\n        <div class=\"text-wrapper  \">\n\n            \n                <p class=\"text-text-p has-anim-text wordsUp fade  no-revert\" data-stagger=\"0.02\" data-duration=\"1.5\"data-delay=\"0.3\"data-scrub=\"false\" data-pin=\"false\">\n                    La Tordera \u00e8 una storia di coraggio e radici profonde. <br>\n\u00c8 il 1918, la guerra \u00e8 finita, ma il paesaggio intorno \u00e8 segnato dalla povert\u00e0 e dalla devastazione. Molti lasciano Valdobbiadene in cerca di fortuna, ma nonno Giuseppe, nato qui nel 1890, sceglie di restare. Pianta un vigneto, diverso da tutti gli altri: non viti maritate agli alberi ma filari ordinati, studiando distanze e palificazione. Per lui, la vite ha bisogno di tempo e spazio per esprimersi al meglio. Gli anni passano, la Seconda Guerra Mondiale lascia nuove cicatrici, ma il vigneto resiste. Ancora oggi, infatti, custodisce oltre 130 ceppi ultracentenari, tra i pi\u00f9 preziosi e rari della Denominazione Conegliano Valdobbiadene DOCG.                <\/p>\n                \n            \n\n\n\n        <\/div>\n\n\n        \t\t\t\t<\/div>\n\t\t\t\t<\/div>\n\t\t\t\t\t<\/div>\n\t\t<\/div>\n\t\t\t\t<div class=\"elementor-column elementor-col-33 elementor-inner-column elementor-element elementor-element-f7f6c8c\" data-id=\"f7f6c8c\" data-element_type=\"column\" data-settings=\"{&quot;background_background&quot;:&quot;classic&quot;}\">\n\t\t\t<div class=\"elementor-widget-wrap elementor-element-populated\">\n\t\t\t\t\t\t<div class=\"elementor-element elementor-element-1eecddc bodycopy-xs elementor-widget__width-initial elementor-widget elementor-widget-naylatextwrapper\" data-id=\"1eecddc\" data-element_type=\"widget\" data-widget_type=\"naylatextwrapper.default\">\n\t\t\t\t<div class=\"elementor-widget-container\">\n\t\t\t\t\t\n\n\n        <div class=\"text-wrapper  \">\n\n            \n                <p class=\"text-text-p has-anim-text wordsUp fade  no-revert\" data-stagger=\"0.02\" data-duration=\"1.5\"data-delay=\"0.3\"data-scrub=\"false\" data-pin=\"false\">\n                    La terra d\u00e0 tutto: vino, grappa, legna per scaldarsi. Negli anni \u201860, mentre molti lasciano le campagne, Pietro investe su Valdobbiadene trasformando terreni abbandonati in vigneti rigogliosi e diventando uno tra i pionieri della zona d'eccellenza ad oggi pi\u00f9 vocata, il Cartizze. Negli anni \u201890, intuisce il cambiamento climatico e porta la viticoltura anche in pianura. Oggi la nostra cantina La Tordera \u00e8 cresciuta con i figli Paolo e Renato, ma una cosa non \u00e8 mai cambiata: la passione per il Prosecco, tramandata da quattro generazioni da oltre un secolo.                <\/p>\n                \n            \n\n\n\n        <\/div>\n\n\n        \t\t\t\t<\/div>\n\t\t\t\t<\/div>\n\t\t\t\t\t<\/div>\n\t\t<\/div>\n\t\t\t\t\t<\/div>\n\t\t<\/section>\n\t\t\t\t\t<\/div>\n\t\t<\/div>\n\t\t\t\t\t<\/div>\n\t\t<\/section>\n\t\t\t\t<section class=\"elementor-section elementor-top-section elementor-element elementor-element-2d071e3 elementor-section-full_width wrapper-fuller section-normal elementor-section-height-default elementor-section-height-default default\" data-id=\"2d071e3\" data-element_type=\"section\" data-settings=\"{&quot;background_background&quot;:&quot;classic&quot;}\">\n\t\t\t\t\t\t<div class=\"elementor-container elementor-column-gap-default\">\n\t\t\t\t\t<div class=\"elementor-column elementor-col-100 elementor-top-column elementor-element elementor-element-71f340d\" data-id=\"71f340d\" data-element_type=\"column\">\n\t\t\t<div class=\"elementor-widget-wrap elementor-element-populated\">\n\t\t\t\t\t\t<section class=\"elementor-section elementor-inner-section elementor-element elementor-element-c5af293 elementor-section-full_width wrapper-fuller section-normal elementor-section-height-default elementor-section-height-default default\" data-id=\"c5af293\" data-element_type=\"section\">\n\t\t\t\t\t\t<div class=\"elementor-container elementor-column-gap-default\">\n\t\t\t\t\t<div class=\"elementor-column elementor-col-50 elementor-inner-column elementor-element elementor-element-3691cf0\" data-id=\"3691cf0\" data-element_type=\"column\">\n\t\t\t<div class=\"elementor-widget-wrap elementor-element-populated\">\n\t\t\t\t\t\t<div class=\"elementor-element elementor-element-7af0d43 elementor-widget elementor-widget-naylasingleimage\" data-id=\"7af0d43\" data-element_type=\"widget\" data-widget_type=\"naylasingleimage.default\">\n\t\t\t\t<div class=\"elementor-widget-container\">\n\t\t\t\t\t\n\n<div class=\"single-image align-left  has-anim-image slideDown  cursor-default  \" data-duration=1.5 data-delay=\"0.3\" data-scrub=\"false\" data-pin=\"false\" data-block-color=\"\" data-anim-out=\"\" data-image-scale=\"true\" >\n\n\n    <img decoding=\"async\" src=\"https:\/\/latordera.it\/app\/uploads\/2025\/02\/Chisiamo_lafamiglia_lafamiglia-min.jpg\">\n    \n    \n\n<\/div>\n            \n            \n\n\n\t\t\t\t<\/div>\n\t\t\t\t<\/div>\n\t\t\t\t\t<\/div>\n\t\t<\/div>\n\t\t\t\t<div class=\"elementor-column elementor-col-50 elementor-inner-column elementor-element elementor-element-36ad499\" data-id=\"36ad499\" data-element_type=\"column\">\n\t\t\t<div class=\"elementor-widget-wrap elementor-element-populated\">\n\t\t\t\t\t\t<div class=\"elementor-element elementor-element-6eaae57 elementor-widget__width-initial elementor-widget elementor-widget-naylasingleimage\" data-id=\"6eaae57\" data-element_type=\"widget\" data-widget_type=\"naylasingleimage.default\">\n\t\t\t\t<div class=\"elementor-widget-container\">\n\t\t\t\t\t\n\n<div class=\"single-image align-left  has-anim-image slideDown  cursor-default  \" data-duration=1.5 data-delay=\"0.3\" data-scrub=\"false\" data-pin=\"false\" data-block-color=\"\" data-anim-out=\"\" data-image-scale=\"true\" >\n\n\n    <img decoding=\"async\" src=\"https:\/\/latordera.it\/app\/uploads\/2025\/03\/Chisiamo_lafamiglia_Pietro.jpg\">\n    \n    \n\n<\/div>\n            \n            \n\n\n\t\t\t\t<\/div>\n\t\t\t\t<\/div>\n\t\t\t\t<div class=\"elementor-element elementor-element-a81a799 title-s elementor-widget__width-initial elementor-widget elementor-widget-naylatextwrapper\" data-id=\"a81a799\" data-element_type=\"widget\" data-widget_type=\"naylatextwrapper.default\">\n\t\t\t\t<div class=\"elementor-widget-container\">\n\t\t\t\t\t\n\n\n        <div class=\"text-wrapper  \">\n\n            \n                <p class=\"text-text-p has-anim-text wordsUp fade  no-revert\" data-stagger=\"0.02\" data-duration=\"1.5\"data-delay=\"0.3\"data-scrub=\"false\" data-pin=\"false\">\n                    la famiglia                <\/p>\n                \n            \n\n\n\n        <\/div>\n\n\n        \t\t\t\t<\/div>\n\t\t\t\t<\/div>\n\t\t\t\t<div class=\"elementor-element elementor-element-7ea95d0 bodycopy-xs elementor-widget elementor-widget-naylatextwrapper\" data-id=\"7ea95d0\" data-element_type=\"widget\" data-widget_type=\"naylatextwrapper.default\">\n\t\t\t\t<div class=\"elementor-widget-container\">\n\t\t\t\t\t\n\n\n        <div class=\"text-wrapper  \">\n\n            \n                <p class=\"text-text-p has-anim-text wordsUp fade  no-revert\" data-stagger=\"0.02\" data-duration=\"1.5\"data-delay=\"0.3\"data-scrub=\"false\" data-pin=\"false\">\n                    Oggi La Tordera \u00e8 guidata da Paolo e Renato Vettoretti, con il prezioso supporto dei genitori Pietro e Mirella. Coltiviamo 80 ettari di vigneti, ciascuno con caratteristiche uniche. Questa ricchezza di suoli ci permette di creare vini che esprimono il territorio nella sua essenza pi\u00f9 pura, restituendo nel calice la diversit\u00e0 e la bellezza di Valdobbiadene.                <\/p>\n                \n            \n\n\n\n        <\/div>\n\n\n        \t\t\t\t<\/div>\n\t\t\t\t<\/div>\n\t\t\t\t<div class=\"elementor-element elementor-element-d3fc0a0 elementor-widget__width-auto elementor-widget-mobile__width-inherit elementor-widget elementor-widget-naylabutton\" data-id=\"d3fc0a0\" data-element_type=\"widget\" data-widget_type=\"naylabutton.default\">\n\t\t\t\t<div class=\"elementor-widget-container\">\n\t\t\t\t\t\n\n<!--  Button -->\n<div class=\"nayla-button underline icon-left  cursor-default\" >\n\n    <span class=\"left-icon\"><i aria-hidden=\"true\" class=\"material-icons md-fiber_manual_record\" data-md-icon=\"fiber_manual_record\"><\/i><\/span>\n\n    <a target=\"_self\" href=\"\/it\/i-nostri-volti\/\">Scopri i nostri volti<\/a>\n\n    <span class=\"right-icon\"><i aria-hidden=\"true\" class=\"material-icons md-fiber_manual_record\" data-md-icon=\"fiber_manual_record\"><\/i><\/span>\n\n<\/div>\n<!--\/ Button -->\n\n\n\t\t\t\t<\/div>\n\t\t\t\t<\/div>\n\t\t\t\t\t<\/div>\n\t\t<\/div>\n\t\t\t\t\t<\/div>\n\t\t<\/section>\n\t\t\t\t\t<\/div>\n\t\t<\/div>\n\t\t\t\t\t<\/div>\n\t\t<\/section>\n\t\t\t\t<section class=\"elementor-section elementor-top-section elementor-element elementor-element-7b60111 elementor-section-full_width wrapper-fuller elementor-hidden-tablet elementor-hidden-mobile section-normal elementor-section-height-default elementor-section-height-default default\" data-id=\"7b60111\" data-element_type=\"section\" data-settings=\"{&quot;background_background&quot;:&quot;classic&quot;}\">\n\t\t\t\t\t\t<div class=\"elementor-container elementor-column-gap-default\">\n\t\t\t\t\t<div class=\"elementor-column elementor-col-50 elementor-top-column elementor-element elementor-element-4155fdc\" data-id=\"4155fdc\" data-element_type=\"column\">\n\t\t\t<div class=\"elementor-widget-wrap elementor-element-populated\">\n\t\t\t\t\t\t<div class=\"elementor-element elementor-element-d3a7d97 subtitle-l elementor-widget__width-initial elementor-widget elementor-widget-naylatextwrapper\" data-id=\"d3a7d97\" data-element_type=\"widget\" data-widget_type=\"naylatextwrapper.default\">\n\t\t\t\t<div class=\"elementor-widget-container\">\n\t\t\t\t\t\n\n\n        <div class=\"text-wrapper  \">\n\n            \n                <p class=\"text-text-p has-anim-text wordsUp fade  no-revert\" data-stagger=\"0.02\" data-duration=\"1.5\"data-delay=\"0.3\"data-scrub=\"false\" data-pin=\"false\">\n                    PIETRO E MIRELLA                <\/p>\n                \n            \n\n\n\n        <\/div>\n\n\n        \t\t\t\t<\/div>\n\t\t\t\t<\/div>\n\t\t\t\t<div class=\"elementor-element elementor-element-5b70227 bodycopy-s elementor-widget__width-initial elementor-widget elementor-widget-naylatextwrapper\" data-id=\"5b70227\" data-element_type=\"widget\" data-widget_type=\"naylatextwrapper.default\">\n\t\t\t\t<div class=\"elementor-widget-container\">\n\t\t\t\t\t\n\n\n        <div class=\"text-wrapper  \">\n\n            \n                <p class=\"text-text-p has-anim-text wordsUp fade  no-revert\" data-stagger=\"0.02\" data-duration=\"1.5\"data-delay=\"0.3\"data-scrub=\"false\" data-pin=\"false\">\n                    Pietro, custode instancabile del territorio, conosce ogni vite e ogni terreno come il palmo della sua mano. Il suo legame con la terra \u00e8 fatto di esperienza, rispetto e dedizione.\n<br><br>\nMirella, anima accogliente della famiglia, porta avanti con orgoglio una tradizione che ha sempre avuto al centro l\u2019amore per la vigna.                 <\/p>\n                \n            \n\n\n\n        <\/div>\n\n\n        \t\t\t\t<\/div>\n\t\t\t\t<\/div>\n\t\t\t\t<div class=\"elementor-element elementor-element-9b051e8 elementor-widget__width-initial elementor-widget elementor-widget-naylasingleimage\" data-id=\"9b051e8\" data-element_type=\"widget\" data-widget_type=\"naylasingleimage.default\">\n\t\t\t\t<div class=\"elementor-widget-container\">\n\t\t\t\t\t\n\n<div class=\"single-image align-left  has-anim-image slideDown  cursor-default  \" data-duration=1.5 data-delay=\"0.3\" data-scrub=\"false\" data-pin=\"false\" data-block-color=\"\" data-anim-out=\"\" data-image-scale=\"true\" >\n\n\n    <img decoding=\"async\" src=\"https:\/\/latordera.it\/app\/uploads\/2025\/02\/Chisiamo_lafamiglia_marinellajpg-min.jpg\">\n    \n    \n\n<\/div>\n            \n            \n\n\n\t\t\t\t<\/div>\n\t\t\t\t<\/div>\n\t\t\t\t<div class=\"elementor-element elementor-element-9561055 subtitle-l elementor-widget__width-initial elementor-widget elementor-widget-naylatextwrapper\" data-id=\"9561055\" data-element_type=\"widget\" data-widget_type=\"naylatextwrapper.default\">\n\t\t\t\t<div class=\"elementor-widget-container\">\n\t\t\t\t\t\n\n\n        <div class=\"text-wrapper  \">\n\n            \n                <p class=\"text-text-p has-anim-text wordsUp fade  no-revert\" data-stagger=\"0.02\" data-duration=\"1.5\"data-delay=\"0.3\"data-scrub=\"false\" data-pin=\"false\">\n                    renato E paolo                <\/p>\n                \n            \n\n\n\n        <\/div>\n\n\n        \t\t\t\t<\/div>\n\t\t\t\t<\/div>\n\t\t\t\t<div class=\"elementor-element elementor-element-bbb6843 bodycopy-s elementor-widget__width-initial elementor-widget elementor-widget-naylatextwrapper\" data-id=\"bbb6843\" data-element_type=\"widget\" data-widget_type=\"naylatextwrapper.default\">\n\t\t\t\t<div class=\"elementor-widget-container\">\n\t\t\t\t\t\n\n\n        <div class=\"text-wrapper  \">\n\n            \n                <p class=\"text-text-p has-anim-text wordsUp fade  no-revert\" data-stagger=\"0.02\" data-duration=\"1.5\"data-delay=\"0.3\"data-scrub=\"false\" data-pin=\"false\">\n                    Renato, che tra i filari si sente a casa, segue con passione ogni fase del lavoro in vigna, dalla potatura alla vendemmia, con uno sguardo sempre rivolto alla ricerca e all\u2019evoluzione.\n<br><br>\nPaolo, enotecnico e cuore della cantina a 360\u00b0, traduce in vino la ricchezza delle uve, creando spumanti che raccontano il nostro territorio con eleganza e genuinit\u00e0.                <\/p>\n                \n            \n\n\n\n        <\/div>\n\n\n        \t\t\t\t<\/div>\n\t\t\t\t<\/div>\n\t\t\t\t\t<\/div>\n\t\t<\/div>\n\t\t\t\t<div class=\"elementor-column elementor-col-50 elementor-top-column elementor-element elementor-element-e7c5f40\" data-id=\"e7c5f40\" data-element_type=\"column\">\n\t\t\t<div class=\"elementor-widget-wrap elementor-element-populated\">\n\t\t\t\t\t\t<div class=\"elementor-element elementor-element-8322d38 elementor-widget elementor-widget-naylasingleimage\" data-id=\"8322d38\" data-element_type=\"widget\" data-widget_type=\"naylasingleimage.default\">\n\t\t\t\t<div class=\"elementor-widget-container\">\n\t\t\t\t\t\n\n<div class=\"single-image align-left  has-anim-image slideDown  cursor-default  \" data-duration=1.5 data-delay=\"0.3\" data-scrub=\"false\" data-pin=\"false\" data-block-color=\"\" data-anim-out=\"\" data-image-scale=\"true\" >\n\n\n    <img decoding=\"async\" src=\"https:\/\/latordera.it\/app\/uploads\/2025\/02\/Chisiamo_lafamiglia_pietro-min.jpg\">\n    \n    \n\n<\/div>\n            \n            \n\n\n\t\t\t\t<\/div>\n\t\t\t\t<\/div>\n\t\t\t\t<div class=\"elementor-element elementor-element-1eec1c8 elementor-widget__width-initial elementor-widget elementor-widget-naylasingleimage\" data-id=\"1eec1c8\" data-element_type=\"widget\" data-widget_type=\"naylasingleimage.default\">\n\t\t\t\t<div class=\"elementor-widget-container\">\n\t\t\t\t\t\n\n<div class=\"single-image align-left  has-anim-image slideDown  cursor-default  \" data-duration=1.5 data-delay=\"0.3\" data-scrub=\"false\" data-pin=\"false\" data-block-color=\"\" data-anim-out=\"\" data-image-scale=\"true\" >\n\n\n    <img decoding=\"async\" src=\"https:\/\/latordera.it\/app\/uploads\/2025\/02\/Chisiamo_lafamiglia_pietroepaolo-min.jpg\">\n    \n    \n\n<\/div>\n            \n            \n\n\n\t\t\t\t<\/div>\n\t\t\t\t<\/div>\n\t\t\t\t\t<\/div>\n\t\t<\/div>\n\t\t\t\t\t<\/div>\n\t\t<\/section>\n\t\t\t\t<section class=\"elementor-section elementor-top-section elementor-element elementor-element-f2f2e0d elementor-section-full_width wrapper-fuller section-normal elementor-section-height-default elementor-section-height-default default\" data-id=\"f2f2e0d\" data-element_type=\"section\" data-settings=\"{&quot;background_background&quot;:&quot;classic&quot;}\">\n\t\t\t\t\t\t<div class=\"elementor-container elementor-column-gap-default\">\n\t\t\t\t\t<div class=\"elementor-column elementor-col-100 elementor-top-column elementor-element elementor-element-e1d9bf0\" data-id=\"e1d9bf0\" data-element_type=\"column\">\n\t\t\t<div class=\"elementor-widget-wrap elementor-element-populated\">\n\t\t\t\t\t\t<div class=\"elementor-element elementor-element-9bf3a31 title-xl elementor-widget__width-initial elementor-widget elementor-widget-naylatextwrapper\" data-id=\"9bf3a31\" data-element_type=\"widget\" data-widget_type=\"naylatextwrapper.default\">\n\t\t\t\t<div class=\"elementor-widget-container\">\n\t\t\t\t\t\n\n\n        <div class=\"text-wrapper  \">\n\n            \n                <p class=\"text-text-p has-anim-text wordsUp fade  no-revert\" data-stagger=\"0.02\" data-duration=\"1.5\"data-delay=\"0.3\"data-scrub=\"false\" data-pin=\"false\">\n                    Una famiglia, un territorio, una filosofia                <\/p>\n                \n            \n\n\n\n        <\/div>\n\n\n        \t\t\t\t<\/div>\n\t\t\t\t<\/div>\n\t\t\t\t<div class=\"elementor-element elementor-element-fcf14c8 elementor-widget__width-inherit timeline-tabs elementor-widget elementor-widget-naylainfinitetabs\" data-id=\"fcf14c8\" data-element_type=\"widget\" data-widget_type=\"naylainfinitetabs.default\">\n\t\t\t\t<div class=\"elementor-widget-container\">\n\t\t\t\t\t\n<!-- Nayla Infinite Tabs -->\n<div class=\"nayla-infinite-tabs\" data-duration='0.5'>\n\n\n    <!-- Tab Titles Wrap -->\n    <ul class=\"tab-title-wrap\">\n\n        \n        <li class=\"tab-title md-title  fade active\" data-stagger=\"0.02\" data-duration=\"1.5\"data-delay=\"0\"data-scrub=\"\" data-pin=\"\">\n            1918        <\/li>\n\n        \n        <li class=\"tab-title md-title  fade \" data-stagger=\"0.02\" data-duration=\"1.5\"data-delay=\"0\"data-scrub=\"\" data-pin=\"\">\n            1940        <\/li>\n\n        \n        <li class=\"tab-title md-title  fade \" data-stagger=\"0.02\" data-duration=\"1.5\"data-delay=\"0\"data-scrub=\"\" data-pin=\"\">\n            1966        <\/li>\n\n        \n        <li class=\"tab-title md-title  fade \" data-stagger=\"0.02\" data-duration=\"1.5\"data-delay=\"0\"data-scrub=\"\" data-pin=\"\">\n            2001        <\/li>\n\n        \n        <li class=\"tab-title md-title  fade \" data-stagger=\"0.02\" data-duration=\"1.5\"data-delay=\"0\"data-scrub=\"\" data-pin=\"\">\n            2003        <\/li>\n\n        \n        <li class=\"tab-title md-title  fade \" data-stagger=\"0.02\" data-duration=\"1.5\"data-delay=\"0\"data-scrub=\"\" data-pin=\"\">\n            2011        <\/li>\n\n        \n        <li class=\"tab-title md-title  fade \" data-stagger=\"0.02\" data-duration=\"1.5\"data-delay=\"0\"data-scrub=\"\" data-pin=\"\">\n            2018        <\/li>\n\n        \n        <li class=\"tab-title md-title  fade \" data-stagger=\"0.02\" data-duration=\"1.5\"data-delay=\"0\"data-scrub=\"\" data-pin=\"\">\n            2020        <\/li>\n\n        \n        <li class=\"tab-title md-title  fade \" data-stagger=\"0.02\" data-duration=\"1.5\"data-delay=\"0\"data-scrub=\"\" data-pin=\"\">\n            2021        <\/li>\n\n        \n        <li class=\"tab-title md-title  fade \" data-stagger=\"0.02\" data-duration=\"1.5\"data-delay=\"0\"data-scrub=\"\" data-pin=\"\">\n            2022        <\/li>\n\n        \n        <li class=\"tab-title md-title  fade \" data-stagger=\"0.02\" data-duration=\"1.5\"data-delay=\"0\"data-scrub=\"\" data-pin=\"\">\n            2023        <\/li>\n\n        \n        <li class=\"tab-title md-title  fade \" data-stagger=\"0.02\" data-duration=\"1.5\"data-delay=\"0\"data-scrub=\"\" data-pin=\"\">\n            2025        <\/li>\n\n        \n    <\/ul>\n    <!--\/Tab Titles Wrap -->\n\n    <!-- Tab Contents Wrap -->\n    <div class=\"tab-contents-wrap\">\n        \n                       \n                <!-- Tab Content -->\n        <div class=\"tab-content active\">\n            \n                        \n                        \n                                    \n                        \n                        \n            <div class=\"c-col-6 sm-12\">\n            \n                 <p class=\"text\">Il Bisnonno Bepi mette a dimora le prime viti nel colle del Cartizze chiamato Tordera.<\/p>            \n            <\/div>\n            <div class=\"c-col-6 sm-12\">\n                \n                               \n            <\/div>\n\n                        \n                        \n                        \n            \n        <\/div>\n        <!--\/Tab Content -->\n\n        \n                    \n                <!-- Tab Content -->\n        <div class=\"tab-content \">\n            \n                        \n                        \n                                    \n                        \n                        \n            <div class=\"c-col-6 sm-12\">\n            \n                 <p class=\"text\">Nasce Pietro Vettoretti.<\/p>            \n            <\/div>\n            <div class=\"c-col-6 sm-12\">\n                \n                               \n            <\/div>\n\n                        \n                        \n                        \n            \n        <\/div>\n        <!--\/Tab Content -->\n\n        \n                    \n                <!-- Tab Content -->\n        <div class=\"tab-content \">\n            \n                        \n                        \n                                    \n                        \n                        \n            <div class=\"c-col-6 sm-12\">\n            \n                 <p class=\"text\">Matrimonio tra Pietro Vettoretti e Mirella Anna Vettorello.<\/p>            \n            <\/div>\n            <div class=\"c-col-6 sm-12\">\n                \n                               \n            <\/div>\n\n                        \n                        \n                        \n            \n        <\/div>\n        <!--\/Tab Content -->\n\n        \n                    \n                <!-- Tab Content -->\n        <div class=\"tab-content \">\n            \n                        \n                        \n                                    \n                        \n                        \n            <div class=\"c-col-6 sm-12\">\n            \n                 <p class=\"text\">La famiglia Vettoretti fonda l\u2019azienda agricola La Tordera.<\/p>            \n            <\/div>\n            <div class=\"c-col-6 sm-12\">\n                \n                               \n            <\/div>\n\n                        \n                        \n                        \n            \n        <\/div>\n        <!--\/Tab Content -->\n\n        \n                    \n                <!-- Tab Content -->\n        <div class=\"tab-content \">\n            \n                        \n                        \n                                    \n                        \n                        \n            <div class=\"c-col-6 sm-12\">\n            \n                 <p class=\"text\">Esportiamo all\u2019estero la prima bottiglia.<\/p>            \n            <\/div>\n            <div class=\"c-col-6 sm-12\">\n                \n                               \n            <\/div>\n\n                        \n                        \n                        \n            \n        <\/div>\n        <!--\/Tab Content -->\n\n        \n                    \n                <!-- Tab Content -->\n        <div class=\"tab-content \">\n            \n                        \n                        \n                                    \n                        \n                        \n            <div class=\"c-col-6 sm-12\">\n            \n                 <p class=\"text\">Primo ampliamento aziendale.<\/p>            \n            <\/div>\n            <div class=\"c-col-6 sm-12\">\n                \n                               \n            <\/div>\n\n                        \n                        \n                        \n            \n        <\/div>\n        <!--\/Tab Content -->\n\n        \n                    \n                <!-- Tab Content -->\n        <div class=\"tab-content \">\n            \n                        \n                        \n                                    \n                        \n                        \n            <div class=\"c-col-6 sm-12\">\n            \n                 <p class=\"text\">Centenario della prima vite, apertura dello spazio accoglienza e certificazione CasaClima Wine.<\/p>            \n            <\/div>\n            <div class=\"c-col-6 sm-12\">\n                \n                               \n            <\/div>\n\n                        \n                        \n                        \n            \n        <\/div>\n        <!--\/Tab Content -->\n\n        \n                    \n                <!-- Tab Content -->\n        <div class=\"tab-content \">\n            \n                        \n                        \n                                    \n                        \n                        \n            <div class=\"c-col-6 sm-12\">\n            \n                 <p class=\"text\">80\u00b0 Compleanno di Pietro Vettoretti.<\/p>            \n            <\/div>\n            <div class=\"c-col-6 sm-12\">\n                \n                               \n            <\/div>\n\n                        \n                        \n                        \n            \n        <\/div>\n        <!--\/Tab Content -->\n\n        \n                    \n                <!-- Tab Content -->\n        <div class=\"tab-content \">\n            \n                        \n                        \n                                    \n                        \n                        \n            <div class=\"c-col-6 sm-12\">\n            \n                 <p class=\"text\">Otteniamo la certificazione FSCC 22000.<\/p>            \n            <\/div>\n            <div class=\"c-col-6 sm-12\">\n                \n                               \n            <\/div>\n\n                        \n                        \n                        \n            \n        <\/div>\n        <!--\/Tab Content -->\n\n        \n                    \n                <!-- Tab Content -->\n        <div class=\"tab-content \">\n            \n                        \n                        \n                                    \n                        \n                        \n            <div class=\"c-col-6 sm-12\">\n            \n                 <p class=\"text\">Esce il nostro primo Conegliano Valdobbiadene Prosecco Superiore DOCG Metodo Classico 24 mesi.<\/p>            \n            <\/div>\n            <div class=\"c-col-6 sm-12\">\n                \n                               \n            <\/div>\n\n                        \n                        \n                        \n            \n        <\/div>\n        <!--\/Tab Content -->\n\n        \n                    \n                <!-- Tab Content -->\n        <div class=\"tab-content \">\n            \n                        \n                        \n                                    \n                        \n                        \n            <div class=\"c-col-6 sm-12\">\n            \n                 <p class=\"text\">Esce il nostro primo Conegliano Valdobbiadene Prosecco Superiore DOCG Metodo Classico 36 mesi.<\/p>            \n            <\/div>\n            <div class=\"c-col-6 sm-12\">\n                \n                               \n            <\/div>\n\n                        \n                        \n                        \n            \n        <\/div>\n        <!--\/Tab Content -->\n\n        \n                    \n                <!-- Tab Content -->\n        <div class=\"tab-content \">\n            \n                        \n                        \n                                    \n                        \n                        \n            <div class=\"c-col-6 sm-12\">\n            \n                 <p class=\"text\">Presentiamo la nostra nuova Brand Identity e Web Site.<\/p>            \n            <\/div>\n            <div class=\"c-col-6 sm-12\">\n                \n                               \n            <\/div>\n\n                        \n                        \n                        \n            \n        <\/div>\n        <!--\/Tab Content -->\n\n        \n        \n\n\n    <\/div>\n    <!--\/Tab Contents Wrap -->\n\n<\/div>\n<!--\/Nayla Infinite Tabs -->\n\n\n\n\n\n\n\t\t\t\t<\/div>\n\t\t\t\t<\/div>\n\t\t\t\t\t<\/div>\n\t\t<\/div>\n\t\t\t\t\t<\/div>\n\t\t<\/section>\n\t\t\t\t<section class=\"elementor-section elementor-top-section elementor-element elementor-element-e1f77bb elementor-section-full_width wrapper-fuller section-normal elementor-section-height-default elementor-section-height-default default\" data-id=\"e1f77bb\" data-element_type=\"section\" data-settings=\"{&quot;background_background&quot;:&quot;classic&quot;}\">\n\t\t\t\t\t\t<div class=\"elementor-container elementor-column-gap-default\">\n\t\t\t\t\t<div class=\"elementor-column elementor-col-50 elementor-top-column elementor-element elementor-element-8217d11\" data-id=\"8217d11\" data-element_type=\"column\">\n\t\t\t<div class=\"elementor-widget-wrap elementor-element-populated\">\n\t\t\t\t\t\t<section class=\"elementor-section elementor-inner-section elementor-element elementor-element-a1283f8 elementor-section-full_width wrapper-fuller section-normal elementor-section-height-default elementor-section-height-default default\" data-id=\"a1283f8\" data-element_type=\"section\">\n\t\t\t\t\t\t<div class=\"elementor-container elementor-column-gap-default\">\n\t\t\t\t\t<div class=\"elementor-column elementor-col-100 elementor-inner-column elementor-element elementor-element-fb3d39b\" data-id=\"fb3d39b\" data-element_type=\"column\">\n\t\t\t<div class=\"elementor-widget-wrap elementor-element-populated\">\n\t\t\t\t\t\t<div class=\"elementor-element elementor-element-4d0d2e2 title-l elementor-widget__width-initial elementor-widget elementor-widget-naylatextwrapper\" data-id=\"4d0d2e2\" data-element_type=\"widget\" data-widget_type=\"naylatextwrapper.default\">\n\t\t\t\t<div class=\"elementor-widget-container\">\n\t\t\t\t\t\n\n\n        <div class=\"text-wrapper  \">\n\n            \n                <p class=\"text-text-p has-anim-text wordsUp fade  no-revert\" data-stagger=\"0.02\" data-duration=\"1.5\"data-delay=\"0.3\"data-scrub=\"false\" data-pin=\"false\">\n                    Ogni suolo, una storia. Ogni vino, un\u2019emozione.                <\/p>\n                \n            \n\n\n\n        <\/div>\n\n\n        \t\t\t\t<\/div>\n\t\t\t\t<\/div>\n\t\t\t\t<div class=\"elementor-element elementor-element-6ded8fb bodycopy-xs-medium elementor-widget elementor-widget-naylatextwrapper\" data-id=\"6ded8fb\" data-element_type=\"widget\" data-widget_type=\"naylatextwrapper.default\">\n\t\t\t\t<div class=\"elementor-widget-container\">\n\t\t\t\t\t\n\n\n        <div class=\"text-wrapper  \">\n\n            \n                <p class=\"text-text-p has-anim-text wordsUp fade  no-revert\" data-stagger=\"0.02\" data-duration=\"1.5\"data-delay=\"0.3\"data-scrub=\"false\" data-pin=\"false\">\n                    Ogni suolo \u00e8 un'opera d'arte che racconta una storia unica, dando vita a vini che esprimono la ricchezza di Valdobbiadene. Per noi la qualit\u00e0 \u00e8 una promessa: offrire vini che parlano della nostra terra e della nostra storia, un tesoro vitivinicolo da custodire con cura e amore. Le nostre etichette raccontano questa identit\u00e0, trasformando ogni acino in un\u2019emozione nel calice.                <\/p>\n                \n            \n\n\n\n        <\/div>\n\n\n        \t\t\t\t<\/div>\n\t\t\t\t<\/div>\n\t\t\t\t<div class=\"elementor-element elementor-element-71477aa elementor-widget__width-inherit elementor-widget elementor-widget-naylabutton\" data-id=\"71477aa\" data-element_type=\"widget\" data-widget_type=\"naylabutton.default\">\n\t\t\t\t<div class=\"elementor-widget-container\">\n\t\t\t\t\t\n\n<!--  Button -->\n<div class=\"nayla-button underline icon-left  cursor-default\" >\n\n    <span class=\"left-icon\"><i aria-hidden=\"true\" class=\"material-icons md-fiber_manual_record\" data-md-icon=\"fiber_manual_record\"><\/i><\/span>\n\n    <a target=\"_self\" href=\"\/it\/legame-con-la-terra\/\">Scopri la nostra terra<\/a>\n\n    <span class=\"right-icon\"><i aria-hidden=\"true\" class=\"material-icons md-fiber_manual_record\" data-md-icon=\"fiber_manual_record\"><\/i><\/span>\n\n<\/div>\n<!--\/ Button -->\n\n\n\t\t\t\t<\/div>\n\t\t\t\t<\/div>\n\t\t\t\t\t<\/div>\n\t\t<\/div>\n\t\t\t\t\t<\/div>\n\t\t<\/section>\n\t\t\t\t<section class=\"elementor-section elementor-inner-section elementor-element elementor-element-9af84b0 elementor-section-full_width wrapper-fuller section-normal elementor-section-height-default elementor-section-height-default default\" data-id=\"9af84b0\" data-element_type=\"section\">\n\t\t\t\t\t\t<div class=\"elementor-container elementor-column-gap-default\">\n\t\t\t\t\t<div class=\"elementor-column elementor-col-100 elementor-inner-column elementor-element elementor-element-2e9ae38\" data-id=\"2e9ae38\" data-element_type=\"column\">\n\t\t\t<div class=\"elementor-widget-wrap elementor-element-populated\">\n\t\t\t\t\t\t<div class=\"elementor-element elementor-element-ef2087d elementor-widget__width-initial elementor-widget elementor-widget-naylasingleimage\" data-id=\"ef2087d\" data-element_type=\"widget\" data-widget_type=\"naylasingleimage.default\">\n\t\t\t\t<div class=\"elementor-widget-container\">\n\t\t\t\t\t\n\n<div class=\"single-image align-left  has-anim-image slideDown  cursor-default  \" data-duration=1.5 data-delay=\"0.3\" data-scrub=\"false\" data-pin=\"false\" data-block-color=\"\" data-anim-out=\"\" data-image-scale=\"true\" >\n\n\n    <img decoding=\"async\" src=\"https:\/\/latordera.it\/app\/uploads\/2025\/03\/Chisiamo_80ettari_uva.jpg\">\n    \n    \n\n<\/div>\n            \n            \n\n\n\t\t\t\t<\/div>\n\t\t\t\t<\/div>\n\t\t\t\t\t<\/div>\n\t\t<\/div>\n\t\t\t\t\t<\/div>\n\t\t<\/section>\n\t\t\t\t\t<\/div>\n\t\t<\/div>\n\t\t\t\t<div class=\"elementor-column elementor-col-50 elementor-top-column elementor-element elementor-element-0e8cf96\" data-id=\"0e8cf96\" data-element_type=\"column\">\n\t\t\t<div class=\"elementor-widget-wrap elementor-element-populated\">\n\t\t\t\t\t\t<div class=\"elementor-element elementor-element-7ede53c video-column-cs elementor-widget elementor-widget-naylavideo\" data-id=\"7ede53c\" data-element_type=\"widget\" data-widget_type=\"naylavideo.default\">\n\t\t\t\t<div class=\"elementor-widget-container\">\n\t\t\t\t\t\n\n    \n<div class=\"nayla-video n-self inline-play play-inner play-text  no-controls\"   data-controls=\"false\">\n\n            \n        \n          \n      \n    <video playsinline autoplay muted loop class=\"n-video\">\n        <source src=\"https:\/\/latordera.it\/app\/uploads\/2025\/03\/Chisiamo_80ettari_videoraccoltauva.mp4\">\n    <\/video>\n\n<\/div>\n\n    \n\n\n\t\t\t\t<\/div>\n\t\t\t\t<\/div>\n\t\t\t\t\t<\/div>\n\t\t<\/div>\n\t\t\t\t\t<\/div>\n\t\t<\/section>\n\t\t\t\t<\/div>\n\t\t","protected":false},"excerpt":{"rendered":"<p>Bollicine di Famiglia, vini che raccontano la nostra Terra La Tordera \u00e8 prima di tutto una storia di famiglia, di territorio e di amore per la natura. Il nostro viaggio [&hellip;]<\/p>\n","protected":false},"author":1,"featured_media":0,"parent":0,"menu_order":0,"comment_status":"closed","ping_status":"closed","template":"","meta":{"_acf_changed":false,"footnotes":""},"class_list":["post-28","page","type-page","status-publish","hentry"],"acf":[],"yoast_head":"<!-- This site is optimized with the Yoast SEO plugin v24.6 - https:\/\/yoast.com\/wordpress\/plugins\/seo\/ -->\n<title>Chi siamo - La Tordera<\/title>\n<meta name=\"description\" content=\"La storia di La Tordera: una famiglia, una tradizione, un amore per il territorio che d\u00e0 vita a un Prosecco Superiore unico. Scopri la nostra storia.\" \/>\n<meta name=\"robots\" content=\"index, follow, max-snippet:-1, max-image-preview:large, max-video-preview:-1\" \/>\n<link rel=\"canonical\" href=\"https:\/\/latordera.it\/it\/chi-siamo\/\" \/>\n<meta property=\"og:locale\" content=\"it_IT\" \/>\n<meta property=\"og:type\" content=\"article\" \/>\n<meta property=\"og:title\" content=\"Chi siamo - La Tordera\" \/>\n<meta property=\"og:description\" content=\"La storia di La Tordera: una famiglia, una tradizione, un amore per il territorio che d\u00e0 vita a un Prosecco Superiore unico. Scopri la nostra storia.\" \/>\n<meta property=\"og:url\" content=\"https:\/\/latordera.it\/it\/chi-siamo\/\" \/>\n<meta property=\"og:site_name\" content=\"La Tordera\" \/>\n<meta property=\"article:modified_time\" content=\"2025-04-03T08:15:49+00:00\" \/>\n<meta property=\"og:image\" content=\"https:\/\/latordera.it\/app\/uploads\/2025\/03\/Chisiamo_hero_renatoepaolo.jpg\" \/>\n<meta name=\"twitter:card\" content=\"summary_large_image\" \/>\n<meta name=\"twitter:label1\" content=\"Est. reading time\" \/>\n\t<meta name=\"twitter:data1\" content=\"6 minutes\" \/>\n<!-- \/ Yoast SEO plugin. -->","yoast_head_json":{"title":"Chi siamo - La Tordera","description":"La storia di La Tordera: una famiglia, una tradizione, un amore per il territorio che d\u00e0 vita a un Prosecco Superiore unico. Scopri la nostra storia.","robots":{"index":"index","follow":"follow","max-snippet":"max-snippet:-1","max-image-preview":"max-image-preview:large","max-video-preview":"max-video-preview:-1"},"canonical":"https:\/\/latordera.it\/it\/chi-siamo\/","og_locale":"it_IT","og_type":"article","og_title":"Chi siamo - La Tordera","og_description":"La storia di La Tordera: una famiglia, una tradizione, un amore per il territorio che d\u00e0 vita a un Prosecco Superiore unico. Scopri la nostra storia.","og_url":"https:\/\/latordera.it\/it\/chi-siamo\/","og_site_name":"La Tordera","article_modified_time":"2025-04-03T08:15:49+00:00","og_image":[{"url":"https:\/\/latordera.it\/app\/uploads\/2025\/03\/Chisiamo_hero_renatoepaolo.jpg","type":"","width":"","height":""}],"twitter_card":"summary_large_image","twitter_misc":{"Est. reading time":"6 minutes"},"schema":{"@context":"https:\/\/schema.org","@graph":[{"@type":"WebPage","@id":"https:\/\/latordera.it\/it\/chi-siamo\/","url":"https:\/\/latordera.it\/it\/chi-siamo\/","name":"Chi siamo - La Tordera","isPartOf":{"@id":"https:\/\/latordera.it\/it\/#website"},"primaryImageOfPage":{"@id":"https:\/\/latordera.it\/it\/chi-siamo\/#primaryimage"},"image":{"@id":"https:\/\/latordera.it\/it\/chi-siamo\/#primaryimage"},"thumbnailUrl":"https:\/\/latordera.it\/app\/uploads\/2025\/03\/Chisiamo_hero_renatoepaolo.jpg","datePublished":"2025-01-24T16:17:19+00:00","dateModified":"2025-04-03T08:15:49+00:00","description":"La storia di La Tordera: una famiglia, una tradizione, un amore per il territorio che d\u00e0 vita a un Prosecco Superiore unico. Scopri la nostra storia.","breadcrumb":{"@id":"https:\/\/latordera.it\/it\/chi-siamo\/#breadcrumb"},"inLanguage":"it-IT","potentialAction":[{"@type":"ReadAction","target":["https:\/\/latordera.it\/it\/chi-siamo\/"]}]},{"@type":"ImageObject","inLanguage":"it-IT","@id":"https:\/\/latordera.it\/it\/chi-siamo\/#primaryimage","url":"https:\/\/latordera.it\/app\/uploads\/2025\/03\/Chisiamo_hero_renatoepaolo.jpg","contentUrl":"https:\/\/latordera.it\/app\/uploads\/2025\/03\/Chisiamo_hero_renatoepaolo.jpg"},{"@type":"BreadcrumbList","@id":"https:\/\/latordera.it\/it\/chi-siamo\/#breadcrumb","itemListElement":[{"@type":"ListItem","position":1,"name":"Home","item":"https:\/\/latordera.it\/it\/"},{"@type":"ListItem","position":2,"name":"Chi siamo"}]},{"@type":"WebSite","@id":"https:\/\/latordera.it\/it\/#website","url":"https:\/\/latordera.it\/it\/","name":"La Tordera","description":"","publisher":{"@id":"https:\/\/latordera.it\/it\/#organization"},"potentialAction":[{"@type":"SearchAction","target":{"@type":"EntryPoint","urlTemplate":"https:\/\/latordera.it\/it\/?s={search_term_string}"},"query-input":{"@type":"PropertyValueSpecification","valueRequired":true,"valueName":"search_term_string"}}],"inLanguage":"it-IT"},{"@type":"Organization","@id":"https:\/\/latordera.it\/it\/#organization","name":"La Tordera","url":"https:\/\/latordera.it\/it\/","logo":{"@type":"ImageObject","inLanguage":"it-IT","@id":"https:\/\/latordera.it\/it\/#\/schema\/logo\/image\/","url":"https:\/\/latordera.it\/app\/uploads\/2025\/02\/la-tordera-logo-mobile-b.svg","contentUrl":"https:\/\/latordera.it\/app\/uploads\/2025\/02\/la-tordera-logo-mobile-b.svg","width":99,"height":40,"caption":"La Tordera"},"image":{"@id":"https:\/\/latordera.it\/it\/#\/schema\/logo\/image\/"}}]}},"_links":{"self":[{"href":"https:\/\/latordera.it\/it\/wp-json\/wp\/v2\/pages\/28","targetHints":{"allow":["GET"]}}],"collection":[{"href":"https:\/\/latordera.it\/it\/wp-json\/wp\/v2\/pages"}],"about":[{"href":"https:\/\/latordera.it\/it\/wp-json\/wp\/v2\/types\/page"}],"author":[{"embeddable":true,"href":"https:\/\/latordera.it\/it\/wp-json\/wp\/v2\/users\/1"}],"replies":[{"embeddable":true,"href":"https:\/\/latordera.it\/it\/wp-json\/wp\/v2\/comments?post=28"}],"version-history":[{"count":3,"href":"https:\/\/latordera.it\/it\/wp-json\/wp\/v2\/pages\/28\/revisions"}],"predecessor-version":[{"id":5282,"href":"https:\/\/latordera.it\/it\/wp-json\/wp\/v2\/pages\/28\/revisions\/5282"}],"wp:attachment":[{"href":"https:\/\/latordera.it\/it\/wp-json\/wp\/v2\/media?parent=28"}],"curies":[{"name":"wp","href":"https:\/\/api.w.org\/{rel}","templated":true}]}}