{"id":34,"date":"2025-01-24T17:19:04","date_gmt":"2025-01-24T16:19:04","guid":{"rendered":"https:\/\/latordera.it\/?page_id=34"},"modified":"2025-07-10T14:02:13","modified_gmt":"2025-07-10T12:02:13","slug":"territorio","status":"publish","type":"page","link":"https:\/\/latordera.it\/it\/territorio\/","title":{"rendered":"Territorio"},"content":{"rendered":"\t\t<div data-elementor-type=\"wp-page\" data-elementor-id=\"34\" class=\"elementor elementor-34\">\n\t\t\t\t\t\t<section class=\"elementor-section elementor-top-section elementor-element elementor-element-4a3025b elementor-section-full_width wrapper-fuller section-normal elementor-section-height-default elementor-section-height-default default\" data-id=\"4a3025b\" data-element_type=\"section\" data-settings=\"{&quot;background_background&quot;:&quot;classic&quot;}\">\n\t\t\t\t\t\t<div class=\"elementor-container elementor-column-gap-default\">\n\t\t\t\t\t<div class=\"elementor-column elementor-col-100 elementor-top-column elementor-element elementor-element-248a583\" data-id=\"248a583\" data-element_type=\"column\">\n\t\t\t<div class=\"elementor-widget-wrap elementor-element-populated\">\n\t\t\t\t\t\t<div class=\"elementor-element elementor-element-9259f9f title-xxl elementor-widget__width-initial elementor-widget elementor-widget-naylatextwrapper\" data-id=\"9259f9f\" data-element_type=\"widget\" data-widget_type=\"naylatextwrapper.default\">\n\t\t\t\t<div class=\"elementor-widget-container\">\n\t\t\t\t\t\n\n\n        <div class=\"text-wrapper  \">\n\n                            <h1 class=\"has-anim-text wordsUp fade  no-revert\" data-stagger=\"0.02\" data-duration=\"1.5\"data-delay=\"0.3\"data-scrub=\"false\" data-pin=\"false\">\n                    la nostra terra                <\/h1>\n\n            \n\n\n\n        <\/div>\n\n\n        \t\t\t\t<\/div>\n\t\t\t\t<\/div>\n\t\t\t\t<section class=\"elementor-section elementor-inner-section elementor-element elementor-element-abfb623 elementor-section-full_width wrapper-fuller section-normal elementor-section-height-default elementor-section-height-default default\" data-id=\"abfb623\" data-element_type=\"section\">\n\t\t\t\t\t\t<div class=\"elementor-container elementor-column-gap-default\">\n\t\t\t\t\t<div class=\"elementor-column elementor-col-50 elementor-inner-column elementor-element elementor-element-4c804ee\" data-id=\"4c804ee\" data-element_type=\"column\">\n\t\t\t<div class=\"elementor-widget-wrap elementor-element-populated\">\n\t\t\t\t\t\t<div class=\"elementor-element elementor-element-d2b8d86 subtitle-m elementor-widget__width-initial elementor-widget elementor-widget-naylatextwrapper\" data-id=\"d2b8d86\" data-element_type=\"widget\" data-widget_type=\"naylatextwrapper.default\">\n\t\t\t\t<div class=\"elementor-widget-container\">\n\t\t\t\t\t\n\n\n        <div class=\"text-wrapper  \">\n\n            \n                <p class=\"text-text-p has-anim-text wordsUp fade  no-revert\" data-stagger=\"0.02\" data-duration=\"1.5\"data-delay=\"0.3\"data-scrub=\"false\" data-pin=\"false\">\n                    Un territorio unico, culla dei nostri spumanti                <\/p>\n                \n            \n\n\n\n        <\/div>\n\n\n        \t\t\t\t<\/div>\n\t\t\t\t<\/div>\n\t\t\t\t\t<\/div>\n\t\t<\/div>\n\t\t\t\t<div class=\"elementor-column elementor-col-50 elementor-inner-column elementor-element elementor-element-8fb6262\" data-id=\"8fb6262\" data-element_type=\"column\" data-settings=\"{&quot;background_background&quot;:&quot;classic&quot;}\">\n\t\t\t<div class=\"elementor-widget-wrap elementor-element-populated\">\n\t\t\t\t\t\t<div class=\"elementor-element elementor-element-855197b bodycopy-s elementor-widget elementor-widget-naylatextwrapper\" data-id=\"855197b\" data-element_type=\"widget\" data-widget_type=\"naylatextwrapper.default\">\n\t\t\t\t<div class=\"elementor-widget-container\">\n\t\t\t\t\t\n\n\n        <div class=\"text-wrapper  \">\n\n            \n                <p class=\"text-text-p has-anim-text wordsUp fade  no-revert\" data-stagger=\"0.02\" data-duration=\"1.5\"data-delay=\"0.3\"data-scrub=\"false\" data-pin=\"false\">\n                    Tra le colline di Valdobbiadene, la natura dipinge un capolavoro, dando vita a un paesaggio straordinario e senza tempo.                <\/p>\n                \n            \n\n\n\n        <\/div>\n\n\n        \t\t\t\t<\/div>\n\t\t\t\t<\/div>\n\t\t\t\t\t<\/div>\n\t\t<\/div>\n\t\t\t\t\t<\/div>\n\t\t<\/section>\n\t\t\t\t\t<\/div>\n\t\t<\/div>\n\t\t\t\t\t<\/div>\n\t\t<\/section>\n\t\t\t\t<section class=\"elementor-section elementor-top-section elementor-element elementor-element-9048589 elementor-section-full_width wrapper-fuller section-normal elementor-section-height-default elementor-section-height-default default\" data-id=\"9048589\" data-element_type=\"section\" data-settings=\"{&quot;background_background&quot;:&quot;classic&quot;}\">\n\t\t\t\t\t\t<div class=\"elementor-container elementor-column-gap-default\">\n\t\t\t\t\t<div class=\"elementor-column elementor-col-100 elementor-top-column elementor-element elementor-element-ae65d2c\" data-id=\"ae65d2c\" data-element_type=\"column\">\n\t\t\t<div class=\"elementor-widget-wrap elementor-element-populated\">\n\t\t\t\t\t\t<div class=\"elementor-element elementor-element-f488d30 elementor-hidden-mobile elementor-widget elementor-widget-naylasingleimage\" data-id=\"f488d30\" data-element_type=\"widget\" data-widget_type=\"naylasingleimage.default\">\n\t\t\t\t<div class=\"elementor-widget-container\">\n\t\t\t\t\t\n\n<div class=\"single-image align-left  has-anim-image slideDown  cursor-default  \" data-duration=1.5 data-delay=\"0.3\" data-scrub=\"false\" data-pin=\"false\" data-block-color=\"\" data-anim-out=\"\" data-image-scale=\"true\" >\n\n\n    <img decoding=\"async\" src=\"https:\/\/latordera.it\/app\/uploads\/2025\/05\/LaTordera-4DJI_20241031042050_0020_D-_-NR-scaled.jpg\">\n    \n    \n\n<\/div>\n            \n            \n\n\n\t\t\t\t<\/div>\n\t\t\t\t<\/div>\n\t\t\t\t<div class=\"elementor-element elementor-element-419bde7 elementor-hidden-desktop elementor-hidden-tablet elementor-widget elementor-widget-naylasingleimage\" data-id=\"419bde7\" data-element_type=\"widget\" data-widget_type=\"naylasingleimage.default\">\n\t\t\t\t<div class=\"elementor-widget-container\">\n\t\t\t\t\t\n\n<div class=\"single-image align-left  has-anim-image slideDown  cursor-default  \" data-duration=1.5 data-delay=\"0.3\" data-scrub=\"false\" data-pin=\"false\" data-block-color=\"\" data-anim-out=\"\" data-image-scale=\"true\" >\n\n\n    <img decoding=\"async\" src=\"https:\/\/latordera.it\/app\/uploads\/2025\/05\/LaTordera-4DJI_20241031042050_0020_D-_-NR-scaled.jpg\">\n    \n    \n\n<\/div>\n            \n            \n\n\n\t\t\t\t<\/div>\n\t\t\t\t<\/div>\n\t\t\t\t\t<\/div>\n\t\t<\/div>\n\t\t\t\t\t<\/div>\n\t\t<\/section>\n\t\t\t\t<section class=\"elementor-section elementor-top-section elementor-element elementor-element-e9cdc8a elementor-section-full_width wrapper-fuller section-normal elementor-section-height-default elementor-section-height-default default\" data-id=\"e9cdc8a\" data-element_type=\"section\" data-settings=\"{&quot;background_background&quot;:&quot;classic&quot;}\">\n\t\t\t\t\t\t<div class=\"elementor-container elementor-column-gap-default\">\n\t\t\t\t\t<div class=\"elementor-column elementor-col-100 elementor-top-column elementor-element elementor-element-e824413\" data-id=\"e824413\" data-element_type=\"column\">\n\t\t\t<div class=\"elementor-widget-wrap elementor-element-populated\">\n\t\t\t\t\t\t<section class=\"elementor-section elementor-inner-section elementor-element elementor-element-91a1092 elementor-section-full_width wrapper-fuller section-normal elementor-section-height-default elementor-section-height-default default\" data-id=\"91a1092\" data-element_type=\"section\">\n\t\t\t\t\t\t<div class=\"elementor-container elementor-column-gap-default\">\n\t\t\t\t\t<div class=\"elementor-column elementor-col-50 elementor-inner-column elementor-element elementor-element-aadf47a\" data-id=\"aadf47a\" data-element_type=\"column\">\n\t\t\t<div class=\"elementor-widget-wrap elementor-element-populated\">\n\t\t\t\t\t\t<div class=\"elementor-element elementor-element-29b64c2 subtitle-s elementor-widget__width-initial elementor-widget elementor-widget-naylatextwrapper\" data-id=\"29b64c2\" data-element_type=\"widget\" data-widget_type=\"naylatextwrapper.default\">\n\t\t\t\t<div class=\"elementor-widget-container\">\n\t\t\t\t\t\n\n\n        <div class=\"text-wrapper  \">\n\n            \n                <p class=\"text-text-p has-anim-text wordsUp fade  no-revert\" data-stagger=\"0.02\" data-duration=\"1.5\"data-delay=\"0.3\"data-scrub=\"false\" data-pin=\"false\">\n                    Mosaico di colline Patrimonio dell'Unesco                <\/p>\n                \n            \n\n\n\n        <\/div>\n\n\n        \t\t\t\t<\/div>\n\t\t\t\t<\/div>\n\t\t\t\t\t<\/div>\n\t\t<\/div>\n\t\t\t\t<div class=\"elementor-column elementor-col-50 elementor-inner-column elementor-element elementor-element-d6c4a0a\" data-id=\"d6c4a0a\" data-element_type=\"column\" data-settings=\"{&quot;background_background&quot;:&quot;classic&quot;}\">\n\t\t\t<div class=\"elementor-widget-wrap elementor-element-populated\">\n\t\t\t\t\t\t<div class=\"elementor-element elementor-element-e2f8f23 bodycopy-m elementor-widget elementor-widget-naylatextwrapper\" data-id=\"e2f8f23\" data-element_type=\"widget\" data-widget_type=\"naylatextwrapper.default\">\n\t\t\t\t<div class=\"elementor-widget-container\">\n\t\t\t\t\t\n\n\n        <div class=\"text-wrapper  \">\n\n            \n                <p class=\"text-text-p has-anim-text wordsUp fade  no-revert\" data-stagger=\"0.02\" data-duration=\"1.5\"data-delay=\"0.3\"data-scrub=\"false\" data-pin=\"false\">\n                    Un paesaggio di filari ordinati che si intrecciano in modo armonioso con le colline. Questo angolo di Veneto, \u00e8 oggi Patrimonio dell\u2019Unesco. Solo 15 comuni collinari tra Valdobbiadene e Conegliano racchiudono questa eccellenza, un vero e proprio tesoro chiamato Prosecco DOCG.                <\/p>\n                \n            \n\n\n\n        <\/div>\n\n\n        \t\t\t\t<\/div>\n\t\t\t\t<\/div>\n\t\t\t\t<div class=\"elementor-element elementor-element-4181f0e bodycopy-xs elementor-widget__width-initial elementor-widget elementor-widget-naylatextwrapper\" data-id=\"4181f0e\" data-element_type=\"widget\" data-widget_type=\"naylatextwrapper.default\">\n\t\t\t\t<div class=\"elementor-widget-container\">\n\t\t\t\t\t\n\n\n        <div class=\"text-wrapper  \">\n\n            \n                <p class=\"text-text-p has-anim-text wordsUp fade  no-revert\" data-stagger=\"0.02\" data-duration=\"1.5\"data-delay=\"0.3\"data-scrub=\"false\" data-pin=\"false\">\n                    Le forti pendenze e la particolare esposizione al sole creano un microclima ideale, mentre i terreni di origine morenica e sedimentaria conferiscono struttura e complessit\u00e0 ai vini. Al cuore di questo paesaggio si trova la collina del Cartizze, una piccola gemma di soli 107 ettari, dove nascono le uve per uno spumante di straordinaria eleganza. Accanto, le Rive, espressione delle vigne pi\u00f9 ripide e impervie della denominazione, raccontano l\u2019anima eroica della viticoltura locale.                <\/p>\n                \n            \n\n\n\n        <\/div>\n\n\n        \t\t\t\t<\/div>\n\t\t\t\t<\/div>\n\t\t\t\t\t<\/div>\n\t\t<\/div>\n\t\t\t\t\t<\/div>\n\t\t<\/section>\n\t\t\t\t\t<\/div>\n\t\t<\/div>\n\t\t\t\t\t<\/div>\n\t\t<\/section>\n\t\t\t\t<section class=\"elementor-section elementor-top-section elementor-element elementor-element-e4f971a elementor-section-full_width wrapper-fuller section-normal elementor-section-height-default elementor-section-height-default default\" data-id=\"e4f971a\" data-element_type=\"section\" data-settings=\"{&quot;background_background&quot;:&quot;classic&quot;}\">\n\t\t\t\t\t\t<div class=\"elementor-container elementor-column-gap-default\">\n\t\t\t\t\t<div class=\"elementor-column elementor-col-100 elementor-top-column elementor-element elementor-element-062608e\" data-id=\"062608e\" data-element_type=\"column\">\n\t\t\t<div class=\"elementor-widget-wrap elementor-element-populated\">\n\t\t\t\t\t\t<section class=\"elementor-section elementor-inner-section elementor-element elementor-element-0706b9c elementor-section-full_width wrapper-fuller elementor-reverse-mobile section-normal elementor-section-height-default elementor-section-height-default default\" data-id=\"0706b9c\" data-element_type=\"section\">\n\t\t\t\t\t\t<div class=\"elementor-container elementor-column-gap-default\">\n\t\t\t\t\t<div class=\"elementor-column elementor-col-50 elementor-inner-column elementor-element elementor-element-d93895a\" data-id=\"d93895a\" data-element_type=\"column\">\n\t\t\t<div class=\"elementor-widget-wrap elementor-element-populated\">\n\t\t\t\t\t\t<div class=\"elementor-element elementor-element-a0579ba elementor-widget__width-initial elementor-widget elementor-widget-naylasingleimage\" data-id=\"a0579ba\" data-element_type=\"widget\" data-widget_type=\"naylasingleimage.default\">\n\t\t\t\t<div class=\"elementor-widget-container\">\n\t\t\t\t\t\n\n<div class=\"single-image align-left  has-anim-image slideDown  cursor-default  \" data-duration=1.5 data-delay=\"0.3\" data-scrub=\"false\" data-pin=\"false\" data-block-color=\"\" data-anim-out=\"\" data-image-scale=\"true\" >\n\n\n    <img decoding=\"async\" src=\"https:\/\/latordera.it\/app\/uploads\/2025\/02\/Lanostraterra_collinacartizze_macroalbero-min.jpg\">\n    \n    \n\n<\/div>\n            \n            \n\n\n\t\t\t\t<\/div>\n\t\t\t\t<\/div>\n\t\t\t\t<div class=\"elementor-element elementor-element-663f3d4 title-s elementor-widget__width-initial elementor-widget elementor-widget-naylatextwrapper\" data-id=\"663f3d4\" data-element_type=\"widget\" data-widget_type=\"naylatextwrapper.default\">\n\t\t\t\t<div class=\"elementor-widget-container\">\n\t\t\t\t\t\n\n\n        <div class=\"text-wrapper  \">\n\n            \n                <p class=\"text-text-p has-anim-text wordsUp fade  no-revert\" data-stagger=\"0.02\" data-duration=\"1.5\"data-delay=\"0.3\"data-scrub=\"false\" data-pin=\"false\">\n                    La collina del Cartizze                <\/p>\n                \n            \n\n\n\n        <\/div>\n\n\n        \t\t\t\t<\/div>\n\t\t\t\t<\/div>\n\t\t\t\t<div class=\"elementor-element elementor-element-d0d44b5 bodycopy-xs elementor-widget elementor-widget-naylatextwrapper\" data-id=\"d0d44b5\" data-element_type=\"widget\" data-widget_type=\"naylatextwrapper.default\">\n\t\t\t\t<div class=\"elementor-widget-container\">\n\t\t\t\t\t\n\n\n        <div class=\"text-wrapper  \">\n\n            \n                <p class=\"text-text-p has-anim-text wordsUp fade  no-revert\" data-stagger=\"0.02\" data-duration=\"1.5\"data-delay=\"0.3\"data-scrub=\"false\" data-pin=\"false\">\n                    Un angolo prezioso di soli 107 ettari, dove 130 ceppi raccontano una storia secolare. Qui, tra radici profonde e vigne dalla straordinaria longevit\u00e0, nasce un vino raro ed elegante. Un\u2019eredit\u00e0 custodita nel tempo, che sublima il nostro legame con la terra, racchiudendo l\u2019essenza pi\u00f9 autentica delle nostre origini in ogni sorso.                <\/p>\n                \n            \n\n\n\n        <\/div>\n\n\n        \t\t\t\t<\/div>\n\t\t\t\t<\/div>\n\t\t\t\t\t<\/div>\n\t\t<\/div>\n\t\t\t\t<div class=\"elementor-column elementor-col-50 elementor-inner-column elementor-element elementor-element-bf5cb77\" data-id=\"bf5cb77\" data-element_type=\"column\">\n\t\t\t<div class=\"elementor-widget-wrap elementor-element-populated\">\n\t\t\t\t\t\t<div class=\"elementor-element elementor-element-692a7ac elementor-widget__width-initial elementor-widget elementor-widget-naylasingleimage\" data-id=\"692a7ac\" data-element_type=\"widget\" data-widget_type=\"naylasingleimage.default\">\n\t\t\t\t<div class=\"elementor-widget-container\">\n\t\t\t\t\t\n\n<div class=\"single-image align-left  has-anim-image slideDown  cursor-default  \" data-duration=1.5 data-delay=\"0.3\" data-scrub=\"false\" data-pin=\"false\" data-block-color=\"\" data-anim-out=\"\" data-image-scale=\"true\" >\n\n\n    <img decoding=\"async\" src=\"https:\/\/latordera.it\/app\/uploads\/2025\/02\/Lanostraterra_collinacartizze_vigneto-min.jpg\">\n    \n    \n\n<\/div>\n            \n            \n\n\n\t\t\t\t<\/div>\n\t\t\t\t<\/div>\n\t\t\t\t\t<\/div>\n\t\t<\/div>\n\t\t\t\t\t<\/div>\n\t\t<\/section>\n\t\t\t\t\t<\/div>\n\t\t<\/div>\n\t\t\t\t\t<\/div>\n\t\t<\/section>\n\t\t\t\t<section class=\"elementor-section elementor-top-section elementor-element elementor-element-593442a elementor-section-full_width wrapper-fuller section-normal elementor-section-height-default elementor-section-height-default default\" data-id=\"593442a\" data-element_type=\"section\" data-settings=\"{&quot;background_background&quot;:&quot;classic&quot;}\">\n\t\t\t\t\t\t<div class=\"elementor-container elementor-column-gap-default\">\n\t\t\t\t\t<div class=\"elementor-column elementor-col-100 elementor-top-column elementor-element elementor-element-54ec32c\" data-id=\"54ec32c\" data-element_type=\"column\">\n\t\t\t<div class=\"elementor-widget-wrap elementor-element-populated\">\n\t\t\t\t\t\t<section class=\"elementor-section elementor-inner-section elementor-element elementor-element-d34f3bb elementor-section-full_width wrapper-fuller section-normal elementor-section-height-default elementor-section-height-default default\" data-id=\"d34f3bb\" data-element_type=\"section\">\n\t\t\t\t\t\t<div class=\"elementor-container elementor-column-gap-default\">\n\t\t\t\t\t<div class=\"elementor-column elementor-col-100 elementor-inner-column elementor-element elementor-element-7ebad5f\" data-id=\"7ebad5f\" data-element_type=\"column\">\n\t\t\t<div class=\"elementor-widget-wrap elementor-element-populated\">\n\t\t\t\t\t\t<div class=\"elementor-element elementor-element-cb3edac subtitle-l elementor-widget__width-initial elementor-widget elementor-widget-naylatextwrapper\" data-id=\"cb3edac\" data-element_type=\"widget\" data-widget_type=\"naylatextwrapper.default\">\n\t\t\t\t<div class=\"elementor-widget-container\">\n\t\t\t\t\t\n\n\n        <div class=\"text-wrapper  \">\n\n            \n                <p class=\"text-text-p has-anim-text wordsUp fade  no-revert\" data-stagger=\"0.02\" data-duration=\"1.5\"data-delay=\"0.3\"data-scrub=\"false\" data-pin=\"false\">\n                    La Tordera nel calice                <\/p>\n                \n            \n\n\n\n        <\/div>\n\n\n        \t\t\t\t<\/div>\n\t\t\t\t<\/div>\n\t\t\t\t\t<\/div>\n\t\t<\/div>\n\t\t\t\t\t<\/div>\n\t\t<\/section>\n\t\t\t\t<section class=\"elementor-section elementor-inner-section elementor-element elementor-element-918d804 elementor-section-full_width wrapper-fuller section-normal elementor-section-height-default elementor-section-height-default default\" data-id=\"918d804\" data-element_type=\"section\">\n\t\t\t\t\t\t<div class=\"elementor-container elementor-column-gap-default\">\n\t\t\t\t\t<div class=\"elementor-column elementor-col-50 elementor-inner-column elementor-element elementor-element-59f78e0\" data-id=\"59f78e0\" data-element_type=\"column\">\n\t\t\t<div class=\"elementor-widget-wrap elementor-element-populated\">\n\t\t\t\t\t\t<div class=\"elementor-element elementor-element-afa83a3 elementor-widget-mobile__width-initial elementor-widget elementor-widget-naylasingleimage\" data-id=\"afa83a3\" data-element_type=\"widget\" data-widget_type=\"naylasingleimage.default\">\n\t\t\t\t<div class=\"elementor-widget-container\">\n\t\t\t\t\t\n\n<div class=\"single-image align-left  has-anim-image slideDown  cursor-default  \" data-duration=1.5 data-delay=\"0.3\" data-scrub=\"false\" data-pin=\"false\" data-block-color=\"\" data-anim-out=\"\" data-image-scale=\"true\" >\n\n\n    <img decoding=\"async\" src=\"https:\/\/latordera.it\/app\/uploads\/2025\/03\/Lanostraterra_caratteredelcalice_grappolouva.jpg\">\n    \n    \n\n<\/div>\n            \n            \n\n\n\t\t\t\t<\/div>\n\t\t\t\t<\/div>\n\t\t\t\t\t<\/div>\n\t\t<\/div>\n\t\t\t\t<div class=\"elementor-column elementor-col-50 elementor-inner-column elementor-element elementor-element-4f64cb1\" data-id=\"4f64cb1\" data-element_type=\"column\">\n\t\t\t<div class=\"elementor-widget-wrap elementor-element-populated\">\n\t\t\t\t\t\t<div class=\"elementor-element elementor-element-a0e992e accordion-cs elementor-widget elementor-widget-naylaaccordion\" data-id=\"a0e992e\" data-element_type=\"widget\" data-widget_type=\"naylaaccordion.default\">\n\t\t\t\t<div class=\"elementor-widget-container\">\n\t\t\t\t\t\n\n\n        <div class='nayla-accordion  icons-right'>\n            <ul class='accordion-wrap'>\n                \n                        <li class=\"accordion-item \">\n\n                            <div class=\"accordion-title  cursor-default\" >\n\n                                \n                                \n                                    <span class=\"text-  \" data-stagger=\"0.1\" data-duration=\"1.5\"data-delay=\"0\"data-scrub=\"false\">Terroir irripetibile<\/span>\n\n                                \n\n\n                                \n                                    <span\n                                        class=\"accordion-toggle\"><i aria-hidden=\"true\" class=\"material-icons md-circle\" data-md-icon=\"circle\"><\/i><\/span>\n\n                                                            <\/div>\n\n                            <div class=\"accordion-content\">La combinazione unica di suolo, altitudine e clima si riflette nel profilo sensoriale dei nostri spumanti. L\u2019elevata escursione termica tra il giorno e la notte esalta aromi raffinati di frutta e fiori bianchi, mentre la mineralit\u00e0 del terreno dona freschezza e persistenza al sorso. Ogni bottiglia racchiude l\u2019essenza di queste colline, restituendo un\u2019esperienza di gusto irripetibile.<\/div>\n\n                        <\/li>\n\n                    \n                        <li class=\"accordion-item \">\n\n                            <div class=\"accordion-title  cursor-default\" >\n\n                                \n                                \n                                    <span class=\"text-  \" data-stagger=\"0.1\" data-duration=\"1.5\"data-delay=\"0\"data-scrub=\"false\">Microclima ideale<\/span>\n\n                                \n\n\n                                \n                                    <span\n                                        class=\"accordion-toggle\"><i aria-hidden=\"true\" class=\"material-icons md-circle\" data-md-icon=\"circle\"><\/i><\/span>\n\n                                                            <\/div>\n\n                            <div class=\"accordion-content\">Le nostre vigne godono di un microclima ideale, modellato da altitudini, esposizioni e brezze che accarezzano le colline. \u00c8 questa variet\u00e0 di condizioni che dona ai nostri vini una straordinaria ricchezza espressiva. Luciano seleziona e vinifica le uve in lotti separati, rispettando l\u2019unicit\u00e0 di ogni parcella, da Valdobbiadene a Vittorio Veneto, fino ad Asolo e alle terre del Prosecco DOC Treviso.<br>\nPer noi, il rispetto del terroir \u00e8 equilibrio: come dice sempre Renato, \u201cin campagna vige il buon senso\u201d. Si osserva, si ascolta la vite, si pota il meno possibile per mantenerne l\u2019armonia naturale. <\/div>\n\n                        <\/li>\n\n                    \n                        <li class=\"accordion-item \">\n\n                            <div class=\"accordion-title  cursor-default\" >\n\n                                \n                                \n                                    <span class=\"text-  \" data-stagger=\"0.1\" data-duration=\"1.5\"data-delay=\"0\"data-scrub=\"false\">Vite e uva<\/span>\n\n                                \n\n\n                                \n                                    <span\n                                        class=\"accordion-toggle\"><i aria-hidden=\"true\" class=\"material-icons md-circle\" data-md-icon=\"circle\"><\/i><\/span>\n\n                                                            <\/div>\n\n                            <div class=\"accordion-content\">Coltivare la vite in collina \u00e8 una sfida che richiede mani esperte e dedizione assoluta. Ogni pianta \u00e8 osservata con cura, ogni ceppo potato con precisione, perch\u00e9 qui ogni gesto \u00e8 fondamentale. A Valdobbiadene, la viticoltura \u00e8 dieci volte pi\u00f9 impegnativa rispetto alla pianura, ma \u00e8 proprio questa attenzione a rendere le nostre uve cos\u00ec preziose.<br>\nPer garantire una raccolta veloce e un conferimento ottimale in cantina, ogni vendemmia \u00e8 preceduta da un\u2019accurata preparazione del vigneto. Ancora oggi Pietro percorre i filari, assaggiando gli acini uno a uno per cogliere il perfetto equilibrio di maturazione. Perch\u00e9 il vino nasce prima di tutto nella vigna, dalla cura, dal rispetto e dall\u2019armonia con la natura.<\/div>\n\n                        <\/li>\n\n                    \n                        <li class=\"accordion-item \">\n\n                            <div class=\"accordion-title  cursor-default\" >\n\n                                \n                                \n                                    <span class=\"text-  \" data-stagger=\"0.1\" data-duration=\"1.5\"data-delay=\"0\"data-scrub=\"false\">La nostra firma<\/span>\n\n                                \n\n\n                                \n                                    <span\n                                        class=\"accordion-toggle\"><i aria-hidden=\"true\" class=\"material-icons md-circle\" data-md-icon=\"circle\"><\/i><\/span>\n\n                                                            <\/div>\n\n                            <div class=\"accordion-content\">Coltiviamo direttamente 80 ettari tra Conegliano Valdobbiadene e Asolo, un mosaico di piccoli appezzamenti distribuiti entro 30 km. Questa vicinanza \u00e8 essenziale: Paolo vuole che ogni grappolo arrivi in cantina nel minor tempo possibile, preservando aromi e freschezza. \u201cAnche mezz\u2019ora pu\u00f2 fare la differenza\u201d, afferma, e per questo la vendemmia \u00e8 un perfetto sincronismo di gesti esperti.<br>\nIn cantina, la pulizia rigorosa ci consente di ridurre i solfiti, mentre l\u2019enologo Luciano Rebuli valorizza l\u2019autenticit\u00e0 di ogni vendemmia. \u00c8 cos\u00ec che nasce il nostro stile: rispetto per la natura, precisione assoluta e un impegno costante per esaltare la massima espressione di ogni vino.<\/div>\n\n                        <\/li>\n\n                    \n            <\/ul>\n        <\/div>\n\n        \t\t\t\t<\/div>\n\t\t\t\t<\/div>\n\t\t\t\t\t<\/div>\n\t\t<\/div>\n\t\t\t\t\t<\/div>\n\t\t<\/section>\n\t\t\t\t\t<\/div>\n\t\t<\/div>\n\t\t\t\t\t<\/div>\n\t\t<\/section>\n\t\t\t\t<section class=\"elementor-section elementor-top-section elementor-element elementor-element-3229648 elementor-section-full_width wrapper-fuller section-normal elementor-section-height-default elementor-section-height-default default\" data-id=\"3229648\" data-element_type=\"section\" data-settings=\"{&quot;background_background&quot;:&quot;classic&quot;}\">\n\t\t\t\t\t\t<div class=\"elementor-container elementor-column-gap-default\">\n\t\t\t\t\t<div class=\"elementor-column elementor-col-50 elementor-top-column elementor-element elementor-element-b952917\" data-id=\"b952917\" data-element_type=\"column\">\n\t\t\t<div class=\"elementor-widget-wrap elementor-element-populated\">\n\t\t\t\t\t\t<div class=\"elementor-element elementor-element-915abd6 elementor-widget-mobile__width-initial elementor-widget elementor-widget-naylasingleimage\" data-id=\"915abd6\" data-element_type=\"widget\" data-widget_type=\"naylasingleimage.default\">\n\t\t\t\t<div class=\"elementor-widget-container\">\n\t\t\t\t\t\n\n<div class=\"single-image align-left  has-anim-image slideDown  cursor-default  \" data-duration=1.5 data-delay=\"0.3\" data-scrub=\"false\" data-pin=\"false\" data-block-color=\"\" data-anim-out=\"\" data-image-scale=\"true\" >\n\n\n    <img decoding=\"async\" src=\"https:\/\/latordera.it\/app\/uploads\/2025\/03\/Lanostraterra_terradavivere_raccoltauva.jpg\">\n    \n    \n\n<\/div>\n            \n            \n\n\n\t\t\t\t<\/div>\n\t\t\t\t<\/div>\n\t\t\t\t\t<\/div>\n\t\t<\/div>\n\t\t\t\t<div class=\"elementor-column elementor-col-50 elementor-top-column elementor-element elementor-element-bbceaf9\" data-id=\"bbceaf9\" data-element_type=\"column\">\n\t\t\t<div class=\"elementor-widget-wrap elementor-element-populated\">\n\t\t\t\t\t\t<div class=\"elementor-element elementor-element-0733dee title-l elementor-widget__width-initial elementor-widget elementor-widget-naylatextwrapper\" data-id=\"0733dee\" data-element_type=\"widget\" data-widget_type=\"naylatextwrapper.default\">\n\t\t\t\t<div class=\"elementor-widget-container\">\n\t\t\t\t\t\n\n\n        <div class=\"text-wrapper  \">\n\n            \n                <p class=\"text-text-p has-anim-text wordsUp fade  no-revert\" data-stagger=\"0.02\" data-duration=\"1.5\"data-delay=\"0.3\"data-scrub=\"false\" data-pin=\"false\">\n                    Una terra da vivere e da raccontare                <\/p>\n                \n            \n\n\n\n        <\/div>\n\n\n        \t\t\t\t<\/div>\n\t\t\t\t<\/div>\n\t\t\t\t<div class=\"elementor-element elementor-element-c28edaf bodycopy-m elementor-widget__width-initial elementor-widget elementor-widget-naylatextwrapper\" data-id=\"c28edaf\" data-element_type=\"widget\" data-widget_type=\"naylatextwrapper.default\">\n\t\t\t\t<div class=\"elementor-widget-container\">\n\t\t\t\t\t\n\n\n        <div class=\"text-wrapper  \">\n\n            \n                <p class=\"text-text-p has-anim-text wordsUp fade  no-revert\" data-stagger=\"0.02\" data-duration=\"1.5\"data-delay=\"0.3\"data-scrub=\"false\" data-pin=\"false\">\n                    Dai vigneti storici alle Rive pi\u00f9 impervie, ogni filare racconta una storia di rispetto e dedizione. L'impegno quotidiano di Renato, Paolo e Pietro \u00e8 quello di custodire la terra con un\u2019agricoltura consapevole preservando la biodiversit\u00e0.                <\/p>\n                \n            \n\n\n\n        <\/div>\n\n\n        \t\t\t\t<\/div>\n\t\t\t\t<\/div>\n\t\t\t\t<section class=\"elementor-section elementor-inner-section elementor-element elementor-element-903a5ca elementor-section-full_width wrapper-fuller section-normal elementor-section-height-default elementor-section-height-default default\" data-id=\"903a5ca\" data-element_type=\"section\">\n\t\t\t\t\t\t<div class=\"elementor-container elementor-column-gap-default\">\n\t\t\t\t\t<div class=\"elementor-column elementor-col-33 elementor-inner-column elementor-element elementor-element-ec8b217\" data-id=\"ec8b217\" data-element_type=\"column\">\n\t\t\t<div class=\"elementor-widget-wrap\">\n\t\t\t\t\t\t\t<\/div>\n\t\t<\/div>\n\t\t\t\t<div class=\"elementor-column elementor-col-33 elementor-inner-column elementor-element elementor-element-2c5cbea\" data-id=\"2c5cbea\" data-element_type=\"column\">\n\t\t\t<div class=\"elementor-widget-wrap elementor-element-populated\">\n\t\t\t\t\t\t<div class=\"elementor-element elementor-element-fd9db47 bodycopy-xs elementor-widget__width-initial elementor-widget elementor-widget-naylatextwrapper\" data-id=\"fd9db47\" data-element_type=\"widget\" data-widget_type=\"naylatextwrapper.default\">\n\t\t\t\t<div class=\"elementor-widget-container\">\n\t\t\t\t\t\n\n\n        <div class=\"text-wrapper  \">\n\n            \n                <p class=\"text-text-p has-anim-text wordsUp fade  no-revert\" data-stagger=\"0.02\" data-duration=\"1.5\"data-delay=\"0.3\"data-scrub=\"false\" data-pin=\"false\">\n                    Valdobbiadene \u00e8 la nostra casa, il nostro passato e il nostro futuro. Qui, tra suoli unici e pendii scoscesi, coltiviamo vigne che da oltre un secolo tramandano un sapere antico. Ogni vendemmia \u00e8 un nuovo capitolo di questo racconto, un legame profondo con la natura che si rinnova nel tempo attraverso gesti sapienti e scelte precise.                <\/p>\n                \n            \n\n\n\n        <\/div>\n\n\n        \t\t\t\t<\/div>\n\t\t\t\t<\/div>\n\t\t\t\t\t<\/div>\n\t\t<\/div>\n\t\t\t\t<div class=\"elementor-column elementor-col-33 elementor-inner-column elementor-element elementor-element-6e7c637\" data-id=\"6e7c637\" data-element_type=\"column\" data-settings=\"{&quot;background_background&quot;:&quot;classic&quot;}\">\n\t\t\t<div class=\"elementor-widget-wrap elementor-element-populated\">\n\t\t\t\t\t\t<div class=\"elementor-element elementor-element-5a8be39 bodycopy-xs elementor-widget__width-initial elementor-widget elementor-widget-naylatextwrapper\" data-id=\"5a8be39\" data-element_type=\"widget\" data-widget_type=\"naylatextwrapper.default\">\n\t\t\t\t<div class=\"elementor-widget-container\">\n\t\t\t\t\t\n\n\n        <div class=\"text-wrapper  \">\n\n            \n                <p class=\"text-text-p has-anim-text wordsUp fade  no-revert\" data-stagger=\"0.02\" data-duration=\"1.5\"data-delay=\"0.3\"data-scrub=\"false\" data-pin=\"false\">\n                    Crediamo che il vino sia un narratore silenzioso di questa terra straordinaria. Per questo poniamo attenzione a ogni dettaglio, dalla vigna alla cantina, per esaltarne l\u2019identit\u00e0 pi\u00f9 pura. Ogni bottiglia racchiude l\u2019essenza di Valdobbiadene, frutto di radici profonde, spirito di ricerca e amore per la natura.                <\/p>\n                \n            \n\n\n\n        <\/div>\n\n\n        \t\t\t\t<\/div>\n\t\t\t\t<\/div>\n\t\t\t\t\t<\/div>\n\t\t<\/div>\n\t\t\t\t\t<\/div>\n\t\t<\/section>\n\t\t\t\t\t<\/div>\n\t\t<\/div>\n\t\t\t\t\t<\/div>\n\t\t<\/section>\n\t\t\t\t<section class=\"elementor-section elementor-top-section elementor-element elementor-element-3bb9966 elementor-section-full_width wrapper-fuller section-normal elementor-section-height-default elementor-section-height-default default\" data-id=\"3bb9966\" data-element_type=\"section\" data-settings=\"{&quot;background_background&quot;:&quot;classic&quot;}\">\n\t\t\t\t\t\t<div class=\"elementor-container elementor-column-gap-default\">\n\t\t\t\t\t<div class=\"elementor-column elementor-col-100 elementor-top-column elementor-element elementor-element-f897152\" data-id=\"f897152\" data-element_type=\"column\">\n\t\t\t<div class=\"elementor-widget-wrap elementor-element-populated\">\n\t\t\t\t\t\t<section class=\"elementor-section elementor-inner-section elementor-element elementor-element-57ae3d2 elementor-section-full_width wrapper-fuller elementor-reverse-mobile lancio-cs section-normal elementor-section-height-default elementor-section-height-default default\" data-id=\"57ae3d2\" data-element_type=\"section\">\n\t\t\t\t\t\t<div class=\"elementor-container elementor-column-gap-default\">\n\t\t\t\t\t<div class=\"elementor-column elementor-col-50 elementor-inner-column elementor-element elementor-element-b27cca3\" data-id=\"b27cca3\" data-element_type=\"column\" data-settings=\"{&quot;background_background&quot;:&quot;classic&quot;}\">\n\t\t\t<div class=\"elementor-widget-wrap elementor-element-populated\">\n\t\t\t\t\t\t<div class=\"elementor-element elementor-element-5d91437 title-m elementor-widget elementor-widget-naylatextwrapper\" data-id=\"5d91437\" data-element_type=\"widget\" data-widget_type=\"naylatextwrapper.default\">\n\t\t\t\t<div class=\"elementor-widget-container\">\n\t\t\t\t\t\n\n\n        <div class=\"text-wrapper  \">\n\n            \n                <p class=\"text-text-p has-anim-text wordsUp fade  no-revert\" data-stagger=\"0.02\" data-duration=\"1.5\"data-delay=\"0.3\"data-scrub=\"false\" data-pin=\"false\">\n                    Le nostre vigne, l\u2019anima dei nostri vini                <\/p>\n                \n            \n\n\n\n        <\/div>\n\n\n        \t\t\t\t<\/div>\n\t\t\t\t<\/div>\n\t\t\t\t<div class=\"elementor-element elementor-element-74ad4f3 bodycopy-xs elementor-widget elementor-widget-naylatextwrapper\" data-id=\"74ad4f3\" data-element_type=\"widget\" data-widget_type=\"naylatextwrapper.default\">\n\t\t\t\t<div class=\"elementor-widget-container\">\n\t\t\t\t\t\n\n\n        <div class=\"text-wrapper  \">\n\n            \n                <p class=\"text-text-p has-anim-text wordsUp fade  no-revert\" data-stagger=\"0.02\" data-duration=\"1.5\"data-delay=\"0.3\"data-scrub=\"false\" data-pin=\"false\">\n                    Microclimi ed esposizoni diverse, suoli argillosi e ripide colline di Valdobbiadene. Ogni vigneto di Glera custodisce un patrimonio vitivinicolo straordinario capace di creare vini che raccontano l\u2019anima autentica di questa terra.                 <\/p>\n                \n            \n\n\n\n        <\/div>\n\n\n        \t\t\t\t<\/div>\n\t\t\t\t<\/div>\n\t\t\t\t<div class=\"elementor-element elementor-element-811c375 cta-corteccia elementor-widget elementor-widget-naylabutton\" data-id=\"811c375\" data-element_type=\"widget\" data-widget_type=\"naylabutton.default\">\n\t\t\t\t<div class=\"elementor-widget-container\">\n\t\t\t\t\t\n\n<!--  Button -->\n<div class=\"nayla-button outline icon-left  cursor-default\" >\n\n    <span class=\"left-icon\"><i aria-hidden=\"true\" class=\"material-icons md-fiber_manual_record\" data-md-icon=\"fiber_manual_record\"><\/i><\/span>\n\n    <a target=\"_self\" href=\"\/it\/i-vigneti\/\">Scopri i nostri vigneti<\/a>\n\n    <span class=\"right-icon\"><i aria-hidden=\"true\" class=\"material-icons md-fiber_manual_record\" data-md-icon=\"fiber_manual_record\"><\/i><\/span>\n\n<\/div>\n<!--\/ Button -->\n\n\n\t\t\t\t<\/div>\n\t\t\t\t<\/div>\n\t\t\t\t\t<\/div>\n\t\t<\/div>\n\t\t\t\t<div class=\"elementor-column elementor-col-50 elementor-inner-column elementor-element elementor-element-0b62fdf column-lancio-img\" data-id=\"0b62fdf\" data-element_type=\"column\">\n\t\t\t<div class=\"elementor-widget-wrap elementor-element-populated\">\n\t\t\t\t\t\t<div class=\"elementor-element elementor-element-e9e2e4c img-full elementor-widget elementor-widget-image\" data-id=\"e9e2e4c\" data-element_type=\"widget\" data-widget_type=\"image.default\">\n\t\t\t\t<div class=\"elementor-widget-container\">\n\t\t\t\t\t\t\t\t\t\t\t\t\t\t\t<img fetchpriority=\"high\" decoding=\"async\" width=\"1080\" height=\"1400\" src=\"https:\/\/latordera.it\/app\/uploads\/2025\/03\/Lanostraterra_lancio_inostrivigneti.jpg\" class=\"attachment-full size-full wp-image-1822\" alt=\"\" srcset=\"https:\/\/latordera.it\/app\/uploads\/2025\/03\/Lanostraterra_lancio_inostrivigneti.jpg 1080w, https:\/\/latordera.it\/app\/uploads\/2025\/03\/Lanostraterra_lancio_inostrivigneti-231x300.jpg 231w, https:\/\/latordera.it\/app\/uploads\/2025\/03\/Lanostraterra_lancio_inostrivigneti-790x1024.jpg 790w, https:\/\/latordera.it\/app\/uploads\/2025\/03\/Lanostraterra_lancio_inostrivigneti-768x996.jpg 768w\" sizes=\"(max-width: 1080px) 100vw, 1080px\" \/>\t\t\t\t\t\t\t\t\t\t\t\t\t\t\t<\/div>\n\t\t\t\t<\/div>\n\t\t\t\t\t<\/div>\n\t\t<\/div>\n\t\t\t\t\t<\/div>\n\t\t<\/section>\n\t\t\t\t\t<\/div>\n\t\t<\/div>\n\t\t\t\t\t<\/div>\n\t\t<\/section>\n\t\t\t\t<section class=\"elementor-section elementor-top-section elementor-element elementor-element-3255baa elementor-section-full_width wrapper-fuller section-normal elementor-section-height-default elementor-section-height-default default\" data-id=\"3255baa\" data-element_type=\"section\" data-settings=\"{&quot;background_background&quot;:&quot;classic&quot;}\">\n\t\t\t\t\t\t<div class=\"elementor-container elementor-column-gap-default\">\n\t\t\t\t\t<div class=\"elementor-column elementor-col-100 elementor-top-column elementor-element elementor-element-85fda07\" data-id=\"85fda07\" data-element_type=\"column\" data-settings=\"{&quot;background_background&quot;:&quot;classic&quot;}\">\n\t\t\t<div class=\"elementor-widget-wrap elementor-element-populated\">\n\t\t\t\t\t\t<section class=\"elementor-section elementor-inner-section elementor-element elementor-element-2af6173 elementor-section-full_width wrapper-fuller section-normal elementor-section-height-default elementor-section-height-default default\" data-id=\"2af6173\" data-element_type=\"section\">\n\t\t\t\t\t\t<div class=\"elementor-container elementor-column-gap-default\">\n\t\t\t\t\t<div class=\"elementor-column elementor-col-50 elementor-inner-column elementor-element elementor-element-738af1b\" data-id=\"738af1b\" data-element_type=\"column\">\n\t\t\t<div class=\"elementor-widget-wrap elementor-element-populated\">\n\t\t\t\t\t\t<div class=\"elementor-element elementor-element-359c1d8 elementor-widget__width-initial elementor-widget elementor-widget-naylasingleimage\" data-id=\"359c1d8\" data-element_type=\"widget\" data-widget_type=\"naylasingleimage.default\">\n\t\t\t\t<div class=\"elementor-widget-container\">\n\t\t\t\t\t\n\n<div class=\"single-image align-left  has-anim-image slideDown  cursor-default  \" data-duration=1.5 data-delay=\"0.3\" data-scrub=\"false\" data-pin=\"false\" data-block-color=\"\" data-anim-out=\"\" data-image-scale=\"true\" >\n\n\n    <img decoding=\"async\" src=\"https:\/\/latordera.it\/app\/uploads\/2025\/03\/Form_contattaci_brindisi.jpg\">\n    \n    \n\n<\/div>\n            \n            \n\n\n\t\t\t\t<\/div>\n\t\t\t\t<\/div>\n\t\t\t\t\t<\/div>\n\t\t<\/div>\n\t\t\t\t<div class=\"elementor-column elementor-col-50 elementor-inner-column elementor-element elementor-element-235e712\" data-id=\"235e712\" data-element_type=\"column\" data-settings=\"{&quot;background_background&quot;:&quot;classic&quot;}\">\n\t\t\t<div class=\"elementor-widget-wrap elementor-element-populated\">\n\t\t\t\t\t\t<div class=\"elementor-element elementor-element-6c27951 title-l elementor-widget elementor-widget-naylatextwrapper\" data-id=\"6c27951\" data-element_type=\"widget\" data-widget_type=\"naylatextwrapper.default\">\n\t\t\t\t<div class=\"elementor-widget-container\">\n\t\t\t\t\t\n\n\n        <div class=\"text-wrapper  \">\n\n            \n                <p class=\"text-text-p has-anim-text wordsUp fade  no-revert\" data-stagger=\"0.02\" data-duration=\"1.5\"data-delay=\"0.3\"data-scrub=\"false\" data-pin=\"false\">\n                    brindiamo insieme, contattaci                <\/p>\n                \n            \n\n\n\n        <\/div>\n\n\n        \t\t\t\t<\/div>\n\t\t\t\t<\/div>\n\t\t\t\t<div class=\"elementor-element elementor-element-ef544c9 elementor-widget elementor-widget-shortcode\" data-id=\"ef544c9\" data-element_type=\"widget\" data-widget_type=\"shortcode.default\">\n\t\t\t\t<div class=\"elementor-widget-container\">\n\t\t\t\t\t\t\t<div class=\"elementor-shortcode\">\n<div class=\"wpcf7 no-js\" id=\"wpcf7-f8-o1\" lang=\"it-IT\" dir=\"ltr\" data-wpcf7-id=\"8\">\n<div class=\"screen-reader-response\"><p role=\"status\" aria-live=\"polite\" aria-atomic=\"true\"><\/p> <ul><\/ul><\/div>\n<form action=\"\/it\/wp-json\/wp\/v2\/pages\/34#wpcf7-f8-o1\" method=\"post\" class=\"wpcf7-form init\" aria-label=\"Contact form\" novalidate=\"novalidate\" data-status=\"init\">\n<div style=\"display: none;\">\n<input type=\"hidden\" name=\"_wpcf7\" value=\"8\" \/>\n<input type=\"hidden\" name=\"_wpcf7_version\" value=\"6.0.5\" \/>\n<input type=\"hidden\" name=\"_wpcf7_locale\" value=\"it_IT\" \/>\n<input type=\"hidden\" name=\"_wpcf7_unit_tag\" value=\"wpcf7-f8-o1\" \/>\n<input type=\"hidden\" name=\"_wpcf7_container_post\" value=\"0\" \/>\n<input type=\"hidden\" name=\"_wpcf7_posted_data_hash\" value=\"\" \/>\n<input type=\"hidden\" name=\"_wpcf7_recaptcha_response\" value=\"\" \/>\n<\/div>\n<!-- Form Field -->\n<div class=\"field-wrap half-wrap\">\n\t<p><label><br \/>\nNOME<br \/>\n<\/label><br \/>\n<span class=\"wpcf7-form-control-wrap\" data-name=\"your-name\"><input size=\"40\" maxlength=\"400\" class=\"wpcf7-form-control wpcf7-text wpcf7-validates-as-required\" autocomplete=\"name\" aria-required=\"true\" aria-invalid=\"false\" value=\"\" type=\"text\" name=\"your-name\" \/><\/span>\n\t<\/p>\n<\/div>\n<!--\/ Form Field -->\n\n<!-- Form Field -->\n<div class=\"field-wrap half-wrap\">\n\t<p><label><br \/>\nCOGNOME<br \/>\n<\/label><br \/>\n<span class=\"wpcf7-form-control-wrap\" data-name=\"your-surname\"><input size=\"40\" maxlength=\"400\" class=\"wpcf7-form-control wpcf7-text wpcf7-validates-as-required\" autocomplete=\"surname\" aria-required=\"true\" aria-invalid=\"false\" value=\"\" type=\"text\" name=\"your-surname\" \/><\/span>\n\t<\/p>\n<\/div>\n<!--\/ Form Field -->\n\n<!-- Form Field -->\n<div class=\"field-wrap half-wrap\">\n\t<p><label><br \/>\nEMAIL<br \/>\n<\/label><br \/>\n<span class=\"wpcf7-form-control-wrap\" data-name=\"your-email\"><input size=\"40\" maxlength=\"400\" class=\"wpcf7-form-control wpcf7-email wpcf7-validates-as-required wpcf7-text wpcf7-validates-as-email\" autocomplete=\"email\" aria-required=\"true\" aria-invalid=\"false\" value=\"\" type=\"email\" name=\"your-email\" \/><\/span>\n\t<\/p>\n<\/div>\n<!--\/ Form Field-->\n\n<!-- Form Field -->\n<div class=\"field-wrap half-wrap\">\n\t<p><label><br \/>\nTELEFONO<br \/>\n<\/label><br \/>\n<span class=\"wpcf7-form-control-wrap\" data-name=\"your-tel\"><input size=\"40\" maxlength=\"400\" class=\"wpcf7-form-control wpcf7-tel wpcf7-validates-as-required wpcf7-text wpcf7-validates-as-tel\" autocomplete=\"tel\" aria-required=\"true\" aria-invalid=\"false\" value=\"\" type=\"tel\" name=\"your-tel\" \/><\/span>\n\t<\/p>\n<\/div>\n<!--\/ Form Field-->\n\n<!-- Form Field -->\n<div class=\"field-wrap text-h6 posizioni\">\n\t<p><label><br \/>\nwine lover<br \/>\n<svg width=\"18\" height=\"11\" viewBox=\"0 0 18 11\" fill=\"none\" xmlns=\"http:\/\/www.w3.org\/2000\/svg\">\n            <path d=\"M8.99957 10.5133L0.15332 1.66708L1.16415 0.65625L8.99957 8.49208L16.835 0.65625L17.8458 1.66708L8.99957 10.5133Z\" fill=\"#2C261D\"\/>\n        <\/svg><br \/>\n<\/label><br \/>\n<span class=\"wpcf7-form-control-wrap\" data-name=\"menu-558\"><select class=\"wpcf7-form-control wpcf7-select wpcf7-validates-as-required\" aria-required=\"true\" aria-invalid=\"false\" name=\"menu-558\"><option value=\"Wine lover\">Wine lover<\/option><option value=\"Professionista\">Professionista<\/option><\/select><\/span>\n\t<\/p>\n<\/div>\n<!--\/ Form Field -->\n\n<!-- Form Field (Textarea)-->\n<div class=\"message-wrap\">\n\t<p><label><br \/>\nMESSAGGIO<br \/>\n<\/label><br \/>\n<span class=\"wpcf7-form-control-wrap\" data-name=\"your-message\"><textarea cols=\"40\" rows=\"10\" maxlength=\"2000\" class=\"wpcf7-form-control wpcf7-textarea wpcf7-validates-as-required\" aria-required=\"true\" aria-invalid=\"false\" name=\"your-message\"><\/textarea><\/span>\n\t<\/p>\n<\/div>\n<!--\/ Form Field (Textarea)-->\n\n<!-- Form check -->\n<div class=\"acceptance-custom\">\n\t<p><span class=\"wpcf7-form-control-wrap\" data-name=\"acceptance-658\"><span class=\"wpcf7-form-control wpcf7-acceptance\"><span class=\"wpcf7-list-item\"><label><input type=\"checkbox\" name=\"acceptance-658\" value=\"1\" aria-invalid=\"false\" \/><span class=\"wpcf7-list-item-label\">Ho letto e accetto l'informativa sulla <a target=\"_blank\" href=\"https:\/\/www.iubenda.com\/privacy-policy\/46060486\">privacy<\/a><\/span><\/label><\/span><\/span><\/span>\n\t<\/p>\n<\/div>\n<!--\/ Form check-->\n<!-- Button -->\n<div class=\"send-wrap\">\n\t<p><button type=\"submit\" class=\"nayla-button outline icon-left  cursor-default\"><span class=\"left-icon\"><i aria-hidden=\"true\" class=\"material-icons md-fiber_manual_record\" data-md-icon=\"fiber_manual_record\"><\/i><\/span><span class=\"send-cs\">INVIA<\/span><span class=\"right-icon\"><i aria-hidden=\"true\" class=\"material-icons md-fiber_manual_record\" data-md-icon=\"fiber_manual_record\"><\/i><\/span><\/button>\n\t<\/p>\n<\/div>\n<!--\/ Button --><div class=\"wpcf7-response-output\" aria-hidden=\"true\"><\/div>\n<\/form>\n<\/div>\n<\/div>\n\t\t\t\t\t\t<\/div>\n\t\t\t\t<\/div>\n\t\t\t\t\t<\/div>\n\t\t<\/div>\n\t\t\t\t\t<\/div>\n\t\t<\/section>\n\t\t\t\t\t<\/div>\n\t\t<\/div>\n\t\t\t\t\t<\/div>\n\t\t<\/section>\n\t\t\t\t<\/div>\n\t\t","protected":false},"excerpt":{"rendered":"<p>la nostra terra Un territorio unico, culla dei nostri spumanti Tra le colline di Valdobbiadene, la natura dipinge un capolavoro, dando vita a un paesaggio straordinario e senza tempo. Mosaico [&hellip;]<\/p>\n","protected":false},"author":1,"featured_media":0,"parent":0,"menu_order":0,"comment_status":"closed","ping_status":"closed","template":"","meta":{"_acf_changed":false,"footnotes":""},"class_list":["post-34","page","type-page","status-publish","hentry"],"acf":[],"yoast_head":"<!-- This site is optimized with the Yoast SEO plugin v24.6 - https:\/\/yoast.com\/wordpress\/plugins\/seo\/ -->\n<title>Il territorio del nostro Prosecco - La Tordera<\/title>\n<meta name=\"description\" content=\"Il nostro Prosecco nasce nelle colline di Valdobbiadene, Patrimonio UNESCO. Scopri il territorio unico che rende speciale La Tordera.\" \/>\n<meta name=\"robots\" content=\"index, follow, max-snippet:-1, max-image-preview:large, max-video-preview:-1\" \/>\n<link rel=\"canonical\" href=\"https:\/\/latordera.it\/it\/territorio\/\" \/>\n<meta property=\"og:locale\" content=\"it_IT\" \/>\n<meta property=\"og:type\" content=\"article\" \/>\n<meta property=\"og:title\" content=\"Il territorio del nostro Prosecco - La Tordera\" \/>\n<meta property=\"og:description\" content=\"Il nostro Prosecco nasce nelle colline di Valdobbiadene, Patrimonio UNESCO. Scopri il territorio unico che rende speciale La Tordera.\" \/>\n<meta property=\"og:url\" content=\"https:\/\/latordera.it\/it\/territorio\/\" \/>\n<meta property=\"og:site_name\" content=\"La Tordera\" \/>\n<meta property=\"article:modified_time\" content=\"2025-07-10T12:02:13+00:00\" \/>\n<meta property=\"og:image\" content=\"https:\/\/latordera.it\/app\/uploads\/2025\/05\/LaTordera-4DJI_20241031042050_0020_D-_-NR-scaled.jpg\" \/>\n<meta name=\"twitter:card\" content=\"summary_large_image\" \/>\n<meta name=\"twitter:label1\" content=\"Est. reading time\" \/>\n\t<meta name=\"twitter:data1\" content=\"6 minutes\" \/>\n<!-- \/ Yoast SEO plugin. -->","yoast_head_json":{"title":"Il territorio del nostro Prosecco - La Tordera","description":"Il nostro Prosecco nasce nelle colline di Valdobbiadene, Patrimonio UNESCO. Scopri il territorio unico che rende speciale La Tordera.","robots":{"index":"index","follow":"follow","max-snippet":"max-snippet:-1","max-image-preview":"max-image-preview:large","max-video-preview":"max-video-preview:-1"},"canonical":"https:\/\/latordera.it\/it\/territorio\/","og_locale":"it_IT","og_type":"article","og_title":"Il territorio del nostro Prosecco - La Tordera","og_description":"Il nostro Prosecco nasce nelle colline di Valdobbiadene, Patrimonio UNESCO. Scopri il territorio unico che rende speciale La Tordera.","og_url":"https:\/\/latordera.it\/it\/territorio\/","og_site_name":"La Tordera","article_modified_time":"2025-07-10T12:02:13+00:00","og_image":[{"url":"https:\/\/latordera.it\/app\/uploads\/2025\/05\/LaTordera-4DJI_20241031042050_0020_D-_-NR-scaled.jpg","type":"","width":"","height":""}],"twitter_card":"summary_large_image","twitter_misc":{"Est. reading time":"6 minutes"},"schema":{"@context":"https:\/\/schema.org","@graph":[{"@type":"WebPage","@id":"https:\/\/latordera.it\/it\/territorio\/","url":"https:\/\/latordera.it\/it\/territorio\/","name":"Il territorio del nostro Prosecco - La Tordera","isPartOf":{"@id":"https:\/\/latordera.it\/it\/#website"},"primaryImageOfPage":{"@id":"https:\/\/latordera.it\/it\/territorio\/#primaryimage"},"image":{"@id":"https:\/\/latordera.it\/it\/territorio\/#primaryimage"},"thumbnailUrl":"https:\/\/latordera.it\/app\/uploads\/2025\/05\/LaTordera-4DJI_20241031042050_0020_D-_-NR-scaled.jpg","datePublished":"2025-01-24T16:19:04+00:00","dateModified":"2025-07-10T12:02:13+00:00","description":"Il nostro Prosecco nasce nelle colline di Valdobbiadene, Patrimonio UNESCO. Scopri il territorio unico che rende speciale La Tordera.","breadcrumb":{"@id":"https:\/\/latordera.it\/it\/territorio\/#breadcrumb"},"inLanguage":"it-IT","potentialAction":[{"@type":"ReadAction","target":["https:\/\/latordera.it\/it\/territorio\/"]}]},{"@type":"ImageObject","inLanguage":"it-IT","@id":"https:\/\/latordera.it\/it\/territorio\/#primaryimage","url":"https:\/\/latordera.it\/app\/uploads\/2025\/05\/LaTordera-4DJI_20241031042050_0020_D-_-NR-scaled.jpg","contentUrl":"https:\/\/latordera.it\/app\/uploads\/2025\/05\/LaTordera-4DJI_20241031042050_0020_D-_-NR-scaled.jpg"},{"@type":"BreadcrumbList","@id":"https:\/\/latordera.it\/it\/territorio\/#breadcrumb","itemListElement":[{"@type":"ListItem","position":1,"name":"Home","item":"https:\/\/latordera.it\/it\/"},{"@type":"ListItem","position":2,"name":"Territorio"}]},{"@type":"WebSite","@id":"https:\/\/latordera.it\/it\/#website","url":"https:\/\/latordera.it\/it\/","name":"La Tordera","description":"","publisher":{"@id":"https:\/\/latordera.it\/it\/#organization"},"potentialAction":[{"@type":"SearchAction","target":{"@type":"EntryPoint","urlTemplate":"https:\/\/latordera.it\/it\/?s={search_term_string}"},"query-input":{"@type":"PropertyValueSpecification","valueRequired":true,"valueName":"search_term_string"}}],"inLanguage":"it-IT"},{"@type":"Organization","@id":"https:\/\/latordera.it\/it\/#organization","name":"La Tordera","url":"https:\/\/latordera.it\/it\/","logo":{"@type":"ImageObject","inLanguage":"it-IT","@id":"https:\/\/latordera.it\/it\/#\/schema\/logo\/image\/","url":"https:\/\/latordera.it\/app\/uploads\/2025\/02\/la-tordera-logo-mobile-b.svg","contentUrl":"https:\/\/latordera.it\/app\/uploads\/2025\/02\/la-tordera-logo-mobile-b.svg","width":99,"height":40,"caption":"La Tordera"},"image":{"@id":"https:\/\/latordera.it\/it\/#\/schema\/logo\/image\/"}}]}},"_links":{"self":[{"href":"https:\/\/latordera.it\/it\/wp-json\/wp\/v2\/pages\/34","targetHints":{"allow":["GET"]}}],"collection":[{"href":"https:\/\/latordera.it\/it\/wp-json\/wp\/v2\/pages"}],"about":[{"href":"https:\/\/latordera.it\/it\/wp-json\/wp\/v2\/types\/page"}],"author":[{"embeddable":true,"href":"https:\/\/latordera.it\/it\/wp-json\/wp\/v2\/users\/1"}],"replies":[{"embeddable":true,"href":"https:\/\/latordera.it\/it\/wp-json\/wp\/v2\/comments?post=34"}],"version-history":[{"count":3,"href":"https:\/\/latordera.it\/it\/wp-json\/wp\/v2\/pages\/34\/revisions"}],"predecessor-version":[{"id":5436,"href":"https:\/\/latordera.it\/it\/wp-json\/wp\/v2\/pages\/34\/revisions\/5436"}],"wp:attachment":[{"href":"https:\/\/latordera.it\/it\/wp-json\/wp\/v2\/media?parent=34"}],"curies":[{"name":"wp","href":"https:\/\/api.w.org\/{rel}","templated":true}]}}