{"id":36,"date":"2025-01-24T17:19:44","date_gmt":"2025-01-24T16:19:44","guid":{"rendered":"https:\/\/latordera.it\/?page_id=36"},"modified":"2025-10-13T14:15:18","modified_gmt":"2025-10-13T12:15:18","slug":"i-vigneti","status":"publish","type":"page","link":"https:\/\/latordera.it\/it\/i-vigneti\/","title":{"rendered":"I Vigneti"},"content":{"rendered":"\t\t<div data-elementor-type=\"wp-page\" data-elementor-id=\"36\" class=\"elementor elementor-36\">\n\t\t\t\t\t\t<section class=\"elementor-section elementor-top-section elementor-element elementor-element-ee0a143 elementor-section-full_width wrapper-fuller section-normal elementor-section-height-default elementor-section-height-default default\" data-id=\"ee0a143\" data-element_type=\"section\" data-settings=\"{&quot;background_background&quot;:&quot;classic&quot;}\">\n\t\t\t\t\t\t<div class=\"elementor-container elementor-column-gap-default\">\n\t\t\t\t\t<div class=\"elementor-column elementor-col-100 elementor-top-column elementor-element elementor-element-51c953d\" data-id=\"51c953d\" data-element_type=\"column\">\n\t\t\t<div class=\"elementor-widget-wrap elementor-element-populated\">\n\t\t\t\t\t\t<div class=\"elementor-element elementor-element-34d24f1 title-xxl elementor-widget__width-initial elementor-widget elementor-widget-naylatextwrapper\" data-id=\"34d24f1\" data-element_type=\"widget\" data-widget_type=\"naylatextwrapper.default\">\n\t\t\t\t<div class=\"elementor-widget-container\">\n\t\t\t\t\t\n\n\n        <div class=\"text-wrapper  \">\n\n                            <h1 class=\"has-anim-text wordsUp fade  no-revert\" data-stagger=\"0.02\" data-duration=\"1.5\"data-delay=\"0.3\"data-scrub=\"false\" data-pin=\"false\">\n                    Le nostre vigne                <\/h1>\n\n            \n\n\n\n        <\/div>\n\n\n        \t\t\t\t<\/div>\n\t\t\t\t<\/div>\n\t\t\t\t<section class=\"elementor-section elementor-inner-section elementor-element elementor-element-4797282 elementor-section-full_width wrapper-fuller section-normal elementor-section-height-default elementor-section-height-default default\" data-id=\"4797282\" data-element_type=\"section\">\n\t\t\t\t\t\t<div class=\"elementor-container elementor-column-gap-default\">\n\t\t\t\t\t<div class=\"elementor-column elementor-col-50 elementor-inner-column elementor-element elementor-element-623c7cb\" data-id=\"623c7cb\" data-element_type=\"column\" data-settings=\"{&quot;background_background&quot;:&quot;classic&quot;}\">\n\t\t\t<div class=\"elementor-widget-wrap elementor-element-populated\">\n\t\t\t\t\t\t<div class=\"elementor-element elementor-element-9161909 bodycopy-xs elementor-widget elementor-widget-naylatextwrapper\" data-id=\"9161909\" data-element_type=\"widget\" data-widget_type=\"naylatextwrapper.default\">\n\t\t\t\t<div class=\"elementor-widget-container\">\n\t\t\t\t\t\n\n\n        <div class=\"text-wrapper  \">\n\n            \n                <p class=\"text-text-p has-anim-text wordsUp fade  no-revert\" data-stagger=\"0.02\" data-duration=\"1.5\"data-delay=\"0.3\"data-scrub=\"false\" data-pin=\"false\">\n                    Le nostre vigne sono un patrimonio di famiglia, custodito con passione e gesti antichi. Tra le colline pi\u00f9 vocate del Valdobbiadene DOCG, ogni filare racconta una storia di cura e dedizione, dove la terra e la vite dialogano in perfetta armonia, stagione dopo stagione.                <\/p>\n                \n            \n\n\n\n        <\/div>\n\n\n        \t\t\t\t<\/div>\n\t\t\t\t<\/div>\n\t\t\t\t\t<\/div>\n\t\t<\/div>\n\t\t\t\t<div class=\"elementor-column elementor-col-50 elementor-inner-column elementor-element elementor-element-86f4c12\" data-id=\"86f4c12\" data-element_type=\"column\">\n\t\t\t<div class=\"elementor-widget-wrap elementor-element-populated\">\n\t\t\t\t\t\t<div class=\"elementor-element elementor-element-399ce90 cta-corteccia elementor-widget__width-auto elementor-widget-mobile__width-inherit elementor-widget elementor-widget-naylabutton\" data-id=\"399ce90\" data-element_type=\"widget\" data-widget_type=\"naylabutton.default\">\n\t\t\t\t<div class=\"elementor-widget-container\">\n\t\t\t\t\t\n\n<!--  Button -->\n<div class=\"nayla-button outline icon-left  cursor-default\" >\n\n    <span class=\"left-icon\"><i aria-hidden=\"true\" class=\"material-icons md-fiber_manual_record\" data-md-icon=\"fiber_manual_record\"><\/i><\/span>\n\n    <a target=\"_self\" href=\"#vigneti\">Esplora tutti i vigneti<\/a>\n\n    <span class=\"right-icon\"><i aria-hidden=\"true\" class=\"material-icons md-fiber_manual_record\" data-md-icon=\"fiber_manual_record\"><\/i><\/span>\n\n<\/div>\n<!--\/ Button -->\n\n\n\t\t\t\t<\/div>\n\t\t\t\t<\/div>\n\t\t\t\t\t<\/div>\n\t\t<\/div>\n\t\t\t\t\t<\/div>\n\t\t<\/section>\n\t\t\t\t\t<\/div>\n\t\t<\/div>\n\t\t\t\t\t<\/div>\n\t\t<\/section>\n\t\t\t\t<section class=\"elementor-section elementor-top-section elementor-element elementor-element-3c0604c elementor-section-full_width wrapper-fuller section-normal elementor-section-height-default elementor-section-height-default default\" data-id=\"3c0604c\" data-element_type=\"section\" data-settings=\"{&quot;background_background&quot;:&quot;classic&quot;}\">\n\t\t\t\t\t\t<div class=\"elementor-container elementor-column-gap-default\">\n\t\t\t\t\t<div class=\"elementor-column elementor-col-100 elementor-top-column elementor-element elementor-element-0defd20\" data-id=\"0defd20\" data-element_type=\"column\">\n\t\t\t<div class=\"elementor-widget-wrap elementor-element-populated\">\n\t\t\t\t\t\t<div class=\"elementor-element elementor-element-2559859 elementor-hidden-mobile elementor-widget elementor-widget-naylasingleimage\" data-id=\"2559859\" data-element_type=\"widget\" data-widget_type=\"naylasingleimage.default\">\n\t\t\t\t<div class=\"elementor-widget-container\">\n\t\t\t\t\t\n\n<div class=\"single-image align-left  has-anim-image slideDown  cursor-default  \" data-duration=1.5 data-delay=\"0.3\" data-scrub=\"false\" data-pin=\"false\" data-block-color=\"\" data-anim-out=\"\" data-image-scale=\"true\" >\n\n\n    <img decoding=\"async\" src=\"https:\/\/latordera.it\/app\/uploads\/2025\/03\/Vigneti_hero_raccoltauva.jpg\">\n    \n    \n\n<\/div>\n            \n            \n\n\n\t\t\t\t<\/div>\n\t\t\t\t<\/div>\n\t\t\t\t<div class=\"elementor-element elementor-element-b8a26ab elementor-hidden-desktop elementor-hidden-tablet elementor-widget elementor-widget-naylasingleimage\" data-id=\"b8a26ab\" data-element_type=\"widget\" data-widget_type=\"naylasingleimage.default\">\n\t\t\t\t<div class=\"elementor-widget-container\">\n\t\t\t\t\t\n\n<div class=\"single-image align-left  has-anim-image slideDown  cursor-default  \" data-duration=1.5 data-delay=\"0.3\" data-scrub=\"false\" data-pin=\"false\" data-block-color=\"\" data-anim-out=\"\" data-image-scale=\"true\" >\n\n\n    <img decoding=\"async\" src=\"https:\/\/latordera.it\/app\/uploads\/2025\/03\/Vigneti_hero_raccoltauva-1.jpg\">\n    \n    \n\n<\/div>\n            \n            \n\n\n\t\t\t\t<\/div>\n\t\t\t\t<\/div>\n\t\t\t\t\t<\/div>\n\t\t<\/div>\n\t\t\t\t\t<\/div>\n\t\t<\/section>\n\t\t\t\t<section class=\"elementor-section elementor-top-section elementor-element elementor-element-2ae3877 elementor-section-full_width wrapper-fuller elementor-reverse-mobile section-normal elementor-section-height-default elementor-section-height-default default\" data-id=\"2ae3877\" data-element_type=\"section\" data-settings=\"{&quot;background_background&quot;:&quot;classic&quot;}\">\n\t\t\t\t\t\t<div class=\"elementor-container elementor-column-gap-default\">\n\t\t\t\t\t<div class=\"elementor-column elementor-col-50 elementor-top-column elementor-element elementor-element-6c80c54\" data-id=\"6c80c54\" data-element_type=\"column\">\n\t\t\t<div class=\"elementor-widget-wrap elementor-element-populated\">\n\t\t\t\t\t\t<div class=\"elementor-element elementor-element-f074e5c title-l elementor-widget__width-initial elementor-widget elementor-widget-naylatextwrapper\" data-id=\"f074e5c\" data-element_type=\"widget\" data-widget_type=\"naylatextwrapper.default\">\n\t\t\t\t<div class=\"elementor-widget-container\">\n\t\t\t\t\t\n\n\n        <div class=\"text-wrapper  \">\n\n            \n                <p class=\"text-text-p has-anim-text wordsUp fade  no-revert\" data-stagger=\"0.02\" data-duration=\"1.5\"data-delay=\"0.3\"data-scrub=\"false\" data-pin=\"false\">\n                    Un mosaico di colline                <\/p>\n                \n            \n\n\n\n        <\/div>\n\n\n        \t\t\t\t<\/div>\n\t\t\t\t<\/div>\n\t\t\t\t<div class=\"elementor-element elementor-element-bf4cf24 bodycopy-m elementor-widget__width-initial elementor-widget elementor-widget-naylatextwrapper\" data-id=\"bf4cf24\" data-element_type=\"widget\" data-widget_type=\"naylatextwrapper.default\">\n\t\t\t\t<div class=\"elementor-widget-container\">\n\t\t\t\t\t\n\n\n        <div class=\"text-wrapper  \">\n\n            \n                <p class=\"text-text-p has-anim-text wordsUp fade  no-revert\" data-stagger=\"0.02\" data-duration=\"1.5\"data-delay=\"0.3\"data-scrub=\"false\" data-pin=\"false\">\n                    Tra le colline di Valdobbiadene, ogni vigneto \u00e8 un tassello di un grande mosaico naturale. Un paesaggio in continua evoluzione, dove la vite trova la sua voce e racconta l\u2019anima di questa terra generosa.                <\/p>\n                \n            \n\n\n\n        <\/div>\n\n\n        \t\t\t\t<\/div>\n\t\t\t\t<\/div>\n\t\t\t\t<section class=\"elementor-section elementor-inner-section elementor-element elementor-element-17f3acb elementor-section-full_width wrapper-fuller section-normal elementor-section-height-default elementor-section-height-default default\" data-id=\"17f3acb\" data-element_type=\"section\">\n\t\t\t\t\t\t<div class=\"elementor-container elementor-column-gap-default\">\n\t\t\t\t\t<div class=\"elementor-column elementor-col-33 elementor-inner-column elementor-element elementor-element-a5ad141\" data-id=\"a5ad141\" data-element_type=\"column\">\n\t\t\t<div class=\"elementor-widget-wrap\">\n\t\t\t\t\t\t\t<\/div>\n\t\t<\/div>\n\t\t\t\t<div class=\"elementor-column elementor-col-33 elementor-inner-column elementor-element elementor-element-8fbc6a7\" data-id=\"8fbc6a7\" data-element_type=\"column\">\n\t\t\t<div class=\"elementor-widget-wrap elementor-element-populated\">\n\t\t\t\t\t\t<div class=\"elementor-element elementor-element-cfe961c bodycopy-xs elementor-widget__width-initial elementor-widget elementor-widget-naylatextwrapper\" data-id=\"cfe961c\" data-element_type=\"widget\" data-widget_type=\"naylatextwrapper.default\">\n\t\t\t\t<div class=\"elementor-widget-container\">\n\t\t\t\t\t\n\n\n        <div class=\"text-wrapper  \">\n\n            \n                <p class=\"text-text-p has-anim-text wordsUp fade  no-revert\" data-stagger=\"0.02\" data-duration=\"1.5\"data-delay=\"0.3\"data-scrub=\"false\" data-pin=\"false\">\n                    Qui coltiviamo la vite con rispetto e dedizione, seguendo un equilibrio antico tra uomo e natura. Ascoltiamo i ritmi delle stagioni, interveniamo con cura per preservare l\u2019integrit\u00e0 di ogni filare e accompagniamo il ciclo della vite con gesti sapienti, tramandati di generazione in generazione. Ogni scelta \u00e8 guidata dal desiderio di valorizzare il territorio, mantenendone intatta l\u2019autenticit\u00e0 e lasciando che ogni grappolo esprima la sua vera essenza.                <\/p>\n                \n            \n\n\n\n        <\/div>\n\n\n        \t\t\t\t<\/div>\n\t\t\t\t<\/div>\n\t\t\t\t\t<\/div>\n\t\t<\/div>\n\t\t\t\t<div class=\"elementor-column elementor-col-33 elementor-inner-column elementor-element elementor-element-0885ac9\" data-id=\"0885ac9\" data-element_type=\"column\" data-settings=\"{&quot;background_background&quot;:&quot;classic&quot;}\">\n\t\t\t<div class=\"elementor-widget-wrap elementor-element-populated\">\n\t\t\t\t\t\t<div class=\"elementor-element elementor-element-615ded4 bodycopy-xs elementor-widget__width-initial elementor-widget elementor-widget-naylatextwrapper\" data-id=\"615ded4\" data-element_type=\"widget\" data-widget_type=\"naylatextwrapper.default\">\n\t\t\t\t<div class=\"elementor-widget-container\">\n\t\t\t\t\t\n\n\n        <div class=\"text-wrapper  \">\n\n            \n                <p class=\"text-text-p has-anim-text wordsUp fade  no-revert\" data-stagger=\"0.02\" data-duration=\"1.5\"data-delay=\"0.3\"data-scrub=\"false\" data-pin=\"false\">\n                    Le forti pendenze e l\u2019esposizione al sole creano un microclima irripetibile, mentre i suoli di origine morenica e sedimentaria donano struttura e profondit\u00e0 ai vini. Un intreccio di elementi che regala sfumature diverse a ogni parcella, componendo un quadro ricco di armonia e carattere. Per noi, questo mosaico di colline \u00e8 un\u2019eredit\u00e0 preziosa, da custodire con amore e tramandare con orgoglio.                <\/p>\n                \n            \n\n\n\n        <\/div>\n\n\n        \t\t\t\t<\/div>\n\t\t\t\t<\/div>\n\t\t\t\t\t<\/div>\n\t\t<\/div>\n\t\t\t\t\t<\/div>\n\t\t<\/section>\n\t\t\t\t\t<\/div>\n\t\t<\/div>\n\t\t\t\t<div class=\"elementor-column elementor-col-50 elementor-top-column elementor-element elementor-element-b7b1ba0\" data-id=\"b7b1ba0\" data-element_type=\"column\">\n\t\t\t<div class=\"elementor-widget-wrap elementor-element-populated\">\n\t\t\t\t\t\t<div class=\"elementor-element elementor-element-86055be elementor-widget-mobile__width-initial elementor-widget elementor-widget-naylasingleimage\" data-id=\"86055be\" data-element_type=\"widget\" data-widget_type=\"naylasingleimage.default\">\n\t\t\t\t<div class=\"elementor-widget-container\">\n\t\t\t\t\t\n\n<div class=\"single-image align-left  has-anim-image slideDown  cursor-default  \" data-duration=1.5 data-delay=\"0.3\" data-scrub=\"false\" data-pin=\"false\" data-block-color=\"\" data-anim-out=\"\" data-image-scale=\"true\" >\n\n\n    <img decoding=\"async\" src=\"https:\/\/latordera.it\/app\/uploads\/2025\/02\/Vigneti_mosaicodicolline_collina-min.jpg\">\n    \n    \n\n<\/div>\n            \n            \n\n\n\t\t\t\t<\/div>\n\t\t\t\t<\/div>\n\t\t\t\t\t<\/div>\n\t\t<\/div>\n\t\t\t\t\t<\/div>\n\t\t<\/section>\n\t\t\t\t<section class=\"elementor-section elementor-top-section elementor-element elementor-element-fa9c578 elementor-section-full_width wrapper-fuller section-normal elementor-section-height-default elementor-section-height-default default\" data-id=\"fa9c578\" data-element_type=\"section\" id=\"vigneti\" data-settings=\"{&quot;background_background&quot;:&quot;classic&quot;}\">\n\t\t\t\t\t\t<div class=\"elementor-container elementor-column-gap-default\">\n\t\t\t\t\t<div class=\"elementor-column elementor-col-100 elementor-top-column elementor-element elementor-element-6315134\" data-id=\"6315134\" data-element_type=\"column\">\n\t\t\t<div class=\"elementor-widget-wrap elementor-element-populated\">\n\t\t\t\t\t\t<div class=\"elementor-element elementor-element-0b4c492 elementor-widget__width-inherit vigneti-tabs elementor-widget elementor-widget-naylainfinitetabs\" data-id=\"0b4c492\" data-element_type=\"widget\" data-widget_type=\"naylainfinitetabs.default\">\n\t\t\t\t<div class=\"elementor-widget-container\">\n\t\t\t\t\t\n<!-- Nayla Infinite Tabs -->\n<div class=\"nayla-infinite-tabs\" data-duration='0.5'>\n\n\n    <!-- Tab Titles Wrap -->\n    <ul class=\"tab-title-wrap\">\n\n        \n        <li class=\"tab-title md-title  fade active\" data-stagger=\"0.02\" data-duration=\"1.5\"data-delay=\"0\"data-scrub=\"\" data-pin=\"\">\n            Vigneto Cartizze        <\/li>\n\n        \n        <li class=\"tab-title md-title  fade \" data-stagger=\"0.02\" data-duration=\"1.5\"data-delay=\"0\"data-scrub=\"\" data-pin=\"\">\n            Vigneto Tittoni        <\/li>\n\n        \n        <li class=\"tab-title md-title  fade \" data-stagger=\"0.02\" data-duration=\"1.5\"data-delay=\"0\"data-scrub=\"\" data-pin=\"\">\n            Vigneto Oltreval        <\/li>\n\n        \n    <\/ul>\n    <!--\/Tab Titles Wrap -->\n\n    <!-- Tab Contents Wrap -->\n    <div class=\"tab-contents-wrap\">\n        \n                       \n                <!-- Tab Content -->\n        <div class=\"tab-content active\">\n            \n                        \n                        \n                                    \n                        \n                        \n            <div class=\"c-col-6 sm-12\">\n            \n                 <p><img fetchpriority=\"high\" decoding=\"async\" class=\"alignnone size-medium wp-image-816\" src=\"\/app\/uploads\/2025\/02\/Vigneti_caratteristiche_vignetocartizze.jpg\" alt=\"\" width=\"300\" height=\"233\" \/><\/p>            \n            <\/div>\n            <div class=\"c-col-6 sm-12\">\n                \n                   <div><p class=\"title\">L\u2019eccellenza in 107 ettari<\/p><p class=\"text\">Nel cuore del Cru pi\u00f9 prezioso del Valdobbiadene DOCG si trovano i nostri vigneti di Cartizze, custoditi dalla Famiglia Vettoretti dal 1918. Qui, su suoli argillosi ricchi di sedimenti marini, la vite affonda le radici in un terroir unico. Il nostro Cartizze, emblema di finezza, sprigiona eleganti note di frutta matura, miele e fiori bianchi, grazie alla perfetta esposizione al sole e alla straordinaria ricchezza del suolo.<\/p><div class=\"table\"><div><p class=\"subtitle\">Posizione<\/p><p class=\"text\">Comune di Valdobbiadene, area del Cartizze<\/p><\/div><div><p class=\"subtitle\">Altitudine<\/p><p class=\"text\">260 m s.l.m.<\/p><\/div><div><p class=\"subtitle\">Suolo<\/p><p class=\"text\">Argilloso, con sedimenti marini<\/p><\/div><div><p class=\"subtitle\">Esposizione<\/p><p class=\"text\">Sud<\/p><\/div><div><p class=\"subtitle\">Sistemi di allevamento<\/p><p class=\"text\">A filare, con potatura lunga tradizionale<\/p><\/div><div><p class=\"subtitle\">Resa<\/p><p class=\"text\">120 q\/ha<\/p><\/div><div><p class=\"subtitle\">Distanza dalla cantina<\/p><p class=\"text\">4,9 km<\/p><\/div><\/div><\/div>            \n            <\/div>\n\n                        \n                        \n                        \n            \n        <\/div>\n        <!--\/Tab Content -->\n\n        \n                    \n                <!-- Tab Content -->\n        <div class=\"tab-content \">\n            \n                        \n                        \n                                    \n                        \n                        \n            <div class=\"c-col-6 sm-12\">\n            \n                 <p><img decoding=\"async\" class=\"alignnone size-medium wp-image-816\" src=\"\/app\/uploads\/2025\/02\/Vigneti_caratteristiche_vignetotittoni.jpg\" alt=\"\" width=\"300\" height=\"233\" \/><\/p>            \n            <\/div>\n            <div class=\"c-col-6 sm-12\">\n                \n                   <div><p class=\"title\">L'espressione pi\u00f9 storica<\/p><p class=\"text\">Sulle colline di Vidor, in localit\u00e0 \"Casera del Cavalier Tittoni\", si trova uno dei nostri vigneti pi\u00f9 antichi. La sua particolarit\u00e0? Un suolo estremamente sottile posto sopra una roccia calcarea fatta di ciottoli fluviali cementati tra loro nel corso degli ultimi periodi geologici. Gli spumanti hanno una struttura raffinata e un carattere distintivo, con una sapidit\u00e0 avvolgente e un finale lungo, armonico con note tropicali.<\/p><div class=\"table\"><div><p class=\"subtitle\">Posizione<\/p><p class=\"text\">Comune di Vidor, Rive di Vidor<\/p><\/div><div><p class=\"subtitle\">Altitudine<\/p><p class=\"text\">240 m s.l.m.<\/p><\/div><div><p class=\"subtitle\">Suolo<\/p><p class=\"text\">Calcareo, ricco di ciottoli compattati<\/p><\/div><div><p class=\"subtitle\">Esposizione<\/p><p class=\"text\">Collina esposta a sud<\/p><\/div><div><p class=\"subtitle\">Sistemi di allevamento<\/p><p class=\"text\">A filare, con potatura lunga tradizionale<\/p><\/div><div><p class=\"subtitle\">Resa<\/p><p class=\"text\">130 q\/ha<\/p><\/div><div><p class=\"subtitle\">Distanza dalla cantina<\/p><p class=\"text\">2,3 km<\/p><\/div><\/div><\/div>            \n            <\/div>\n\n                        \n                        \n                        \n            \n        <\/div>\n        <!--\/Tab Content -->\n\n        \n                    \n                <!-- Tab Content -->\n        <div class=\"tab-content \">\n            \n                        \n                        \n                                    \n                        \n                        \n            <div class=\"c-col-6 sm-12\">\n            \n                 <p><img decoding=\"async\" class=\"alignnone size-medium wp-image-816\" src=\"\/app\/uploads\/2025\/02\/Vigneti_caratteristiche_vignetootreval.jpg\" alt=\"\" width=\"300\" height=\"233\" \/><\/p>            \n            <\/div>\n            <div class=\"c-col-6 sm-12\">\n                \n                   <div><p class=\"title\">L\u2019eroicit\u00e0 della viticoltura<\/p><p class=\"text\">Tra le Rive pi\u00f9 ripide di Valdobbiadene, nel Cru di Guia, nasce l'Otreval, il primo Valdobbiadene Zero Zuccheri de La Tordera, prodotto solo con le migliori uve Glera provenienti da unici vigneti di oltre 60 anni. Il suolo ricco di fossili, l'altitudine e la forte escursione termica donano un\u2019espressione estremamente verticale al vino. Con una spiccata mineralit\u00e0 e una profondit\u00e0 gustativa, Otreval conquista anche i palati pi\u00f9 esigenti.<\/p><div class=\"table\"><div><p class=\"subtitle\">Posizione<\/p><p class=\"text\">Comune di Valdobbiadene, Rive di Guia<\/p><\/div><div><p class=\"subtitle\">Altitudine<\/p><p class=\"text\">400 m s.l.m.<\/p><\/div><div><p class=\"subtitle\">Suolo<\/p><p class=\"text\">Fossilifero su calcari stratificati<\/p><\/div><div><p class=\"subtitle\">Esposizione<\/p><p class=\"text\">Collina con forte pendenza, affacciata a sud<\/p><\/div><div><p class=\"subtitle\">Sistemi di allevamento<\/p><p class=\"text\">A filare, con potatura unica tradizionale<\/p><\/div><div><p class=\"subtitle\">Resa<\/p><p class=\"text\">130 q\/ha<\/p><\/div><div><p class=\"subtitle\">Distanza dalla cantina<\/p><p class=\"text\">9,8 km<\/p><\/div><\/div><\/div>            \n            <\/div>\n\n                        \n                        \n                        \n            \n        <\/div>\n        <!--\/Tab Content -->\n\n        \n        \n\n\n    <\/div>\n    <!--\/Tab Contents Wrap -->\n\n<\/div>\n<!--\/Nayla Infinite Tabs -->\n\n\n\n\n\n\n\t\t\t\t<\/div>\n\t\t\t\t<\/div>\n\t\t\t\t\t<\/div>\n\t\t<\/div>\n\t\t\t\t\t<\/div>\n\t\t<\/section>\n\t\t\t\t<section class=\"elementor-section elementor-top-section elementor-element elementor-element-8596bb1 elementor-section-full_width wrapper-fuller section-normal elementor-section-height-default elementor-section-height-default default\" data-id=\"8596bb1\" data-element_type=\"section\" data-settings=\"{&quot;background_background&quot;:&quot;classic&quot;}\">\n\t\t\t\t\t\t<div class=\"elementor-container elementor-column-gap-default\">\n\t\t\t\t\t<div class=\"elementor-column elementor-col-100 elementor-top-column elementor-element elementor-element-587c0dd\" data-id=\"587c0dd\" data-element_type=\"column\">\n\t\t\t<div class=\"elementor-widget-wrap elementor-element-populated\">\n\t\t\t\t\t\t<section class=\"elementor-section elementor-inner-section elementor-element elementor-element-6c818b6 elementor-section-full_width wrapper-fuller elementor-reverse-mobile lancio-cs section-normal elementor-section-height-default elementor-section-height-default default\" data-id=\"6c818b6\" data-element_type=\"section\">\n\t\t\t\t\t\t<div class=\"elementor-container elementor-column-gap-default\">\n\t\t\t\t\t<div class=\"elementor-column elementor-col-50 elementor-inner-column elementor-element elementor-element-08c2567\" data-id=\"08c2567\" data-element_type=\"column\" data-settings=\"{&quot;background_background&quot;:&quot;classic&quot;}\">\n\t\t\t<div class=\"elementor-widget-wrap elementor-element-populated\">\n\t\t\t\t\t\t<div class=\"elementor-element elementor-element-4604f24 title-xl elementor-widget__width-initial elementor-widget elementor-widget-naylatextwrapper\" data-id=\"4604f24\" data-element_type=\"widget\" data-widget_type=\"naylatextwrapper.default\">\n\t\t\t\t<div class=\"elementor-widget-container\">\n\t\t\t\t\t\n\n\n        <div class=\"text-wrapper  \">\n\n            \n                <p class=\"text-text-p has-anim-text wordsUp fade  no-revert\" data-stagger=\"0.02\" data-duration=\"1.5\"data-delay=\"0.3\"data-scrub=\"false\" data-pin=\"false\">\n                    I nostri vini, la voce del territorio Patrimonio Unesco                <\/p>\n                \n            \n\n\n\n        <\/div>\n\n\n        \t\t\t\t<\/div>\n\t\t\t\t<\/div>\n\t\t\t\t<div class=\"elementor-element elementor-element-e51c195 bodycopy-s elementor-widget elementor-widget-naylatextwrapper\" data-id=\"e51c195\" data-element_type=\"widget\" data-widget_type=\"naylatextwrapper.default\">\n\t\t\t\t<div class=\"elementor-widget-container\">\n\t\t\t\t\t\n\n\n        <div class=\"text-wrapper  \">\n\n            \n                <p class=\"text-text-p has-anim-text wordsUp fade  no-revert\" data-stagger=\"0.02\" data-duration=\"1.5\"data-delay=\"0.3\"data-scrub=\"false\" data-pin=\"false\">\n                    Ogni sorso \u00e8 un racconto e una testimonianza di queste colline Patrimonio Unesco. Dalla vibrante freschezza del Valdobbiadene DOCG alla raffinatezza degli spumanti, i nostri vini sono la voce narrante del territorio che curiamo con amore.                 <\/p>\n                \n            \n\n\n\n        <\/div>\n\n\n        \t\t\t\t<\/div>\n\t\t\t\t<\/div>\n\t\t\t\t<div class=\"elementor-element elementor-element-136a176 cta-corteccia elementor-widget elementor-widget-naylabutton\" data-id=\"136a176\" data-element_type=\"widget\" data-widget_type=\"naylabutton.default\">\n\t\t\t\t<div class=\"elementor-widget-container\">\n\t\t\t\t\t\n\n<!--  Button -->\n<div class=\"nayla-button outline icon-left  cursor-default\" >\n\n    <span class=\"left-icon\"><i aria-hidden=\"true\" class=\"material-icons md-fiber_manual_record\" data-md-icon=\"fiber_manual_record\"><\/i><\/span>\n\n    <a target=\"_self\" href=\"\/it\/i-vini\/\">Esplora i vini<\/a>\n\n    <span class=\"right-icon\"><i aria-hidden=\"true\" class=\"material-icons md-fiber_manual_record\" data-md-icon=\"fiber_manual_record\"><\/i><\/span>\n\n<\/div>\n<!--\/ Button -->\n\n\n\t\t\t\t<\/div>\n\t\t\t\t<\/div>\n\t\t\t\t\t<\/div>\n\t\t<\/div>\n\t\t\t\t<div class=\"elementor-column elementor-col-50 elementor-inner-column elementor-element elementor-element-fd8dc21 column-lancio-img\" data-id=\"fd8dc21\" data-element_type=\"column\">\n\t\t\t<div class=\"elementor-widget-wrap elementor-element-populated\">\n\t\t\t\t\t\t<div class=\"elementor-element elementor-element-ca824e4 img-full elementor-widget elementor-widget-image\" data-id=\"ca824e4\" data-element_type=\"widget\" data-widget_type=\"image.default\">\n\t\t\t\t<div class=\"elementor-widget-container\">\n\t\t\t\t\t\t\t\t\t\t\t\t\t\t\t<img loading=\"lazy\" decoding=\"async\" width=\"1080\" height=\"1400\" src=\"https:\/\/latordera.it\/app\/uploads\/2025\/02\/Vigneti_Blocco_lancio-min.jpg\" class=\"attachment-full size-full wp-image-1244\" alt=\"\" srcset=\"https:\/\/latordera.it\/app\/uploads\/2025\/02\/Vigneti_Blocco_lancio-min.jpg 1080w, https:\/\/latordera.it\/app\/uploads\/2025\/02\/Vigneti_Blocco_lancio-min-231x300.jpg 231w, https:\/\/latordera.it\/app\/uploads\/2025\/02\/Vigneti_Blocco_lancio-min-790x1024.jpg 790w, https:\/\/latordera.it\/app\/uploads\/2025\/02\/Vigneti_Blocco_lancio-min-768x996.jpg 768w\" sizes=\"(max-width: 1080px) 100vw, 1080px\" \/>\t\t\t\t\t\t\t\t\t\t\t\t\t\t\t<\/div>\n\t\t\t\t<\/div>\n\t\t\t\t\t<\/div>\n\t\t<\/div>\n\t\t\t\t\t<\/div>\n\t\t<\/section>\n\t\t\t\t\t<\/div>\n\t\t<\/div>\n\t\t\t\t\t<\/div>\n\t\t<\/section>\n\t\t\t\t<\/div>\n\t\t","protected":false},"excerpt":{"rendered":"<p>Le nostre vigne Le nostre vigne sono un patrimonio di famiglia, custodito con passione e gesti antichi. Tra le colline pi\u00f9 vocate del Valdobbiadene DOCG, ogni filare racconta una storia [&hellip;]<\/p>\n","protected":false},"author":1,"featured_media":0,"parent":0,"menu_order":0,"comment_status":"closed","ping_status":"closed","template":"","meta":{"_acf_changed":false,"footnotes":""},"class_list":["post-36","page","type-page","status-publish","hentry"],"acf":[],"yoast_head":"<!-- This site is optimized with the Yoast SEO plugin v24.6 - https:\/\/yoast.com\/wordpress\/plugins\/seo\/ -->\n<title>I nostri vigneti - La Tordera<\/title>\n<meta name=\"description\" content=\"Dai vigneti collinari di Valdobbiadene nasce il Prosecco Superiore di La Tordera. Scopri le nostre terre e il legame con la natura.\" \/>\n<meta name=\"robots\" content=\"index, follow, max-snippet:-1, max-image-preview:large, max-video-preview:-1\" \/>\n<link rel=\"canonical\" href=\"https:\/\/latordera.it\/it\/i-vigneti\/\" \/>\n<meta property=\"og:locale\" content=\"it_IT\" \/>\n<meta property=\"og:type\" content=\"article\" \/>\n<meta property=\"og:title\" content=\"I nostri vigneti - La Tordera\" \/>\n<meta property=\"og:description\" content=\"Dai vigneti collinari di Valdobbiadene nasce il Prosecco Superiore di La Tordera. Scopri le nostre terre e il legame con la natura.\" \/>\n<meta property=\"og:url\" content=\"https:\/\/latordera.it\/it\/i-vigneti\/\" \/>\n<meta property=\"og:site_name\" content=\"La Tordera\" \/>\n<meta property=\"article:modified_time\" content=\"2025-10-13T12:15:18+00:00\" \/>\n<meta property=\"og:image\" content=\"https:\/\/latordera.it\/app\/uploads\/2025\/03\/Vigneti_hero_raccoltauva.jpg\" \/>\n<meta name=\"twitter:card\" content=\"summary_large_image\" \/>\n<meta name=\"twitter:label1\" content=\"Est. reading time\" \/>\n\t<meta name=\"twitter:data1\" content=\"5 minutes\" \/>\n<!-- \/ Yoast SEO plugin. -->","yoast_head_json":{"title":"I nostri vigneti - La Tordera","description":"Dai vigneti collinari di Valdobbiadene nasce il Prosecco Superiore di La Tordera. Scopri le nostre terre e il legame con la natura.","robots":{"index":"index","follow":"follow","max-snippet":"max-snippet:-1","max-image-preview":"max-image-preview:large","max-video-preview":"max-video-preview:-1"},"canonical":"https:\/\/latordera.it\/it\/i-vigneti\/","og_locale":"it_IT","og_type":"article","og_title":"I nostri vigneti - La Tordera","og_description":"Dai vigneti collinari di Valdobbiadene nasce il Prosecco Superiore di La Tordera. Scopri le nostre terre e il legame con la natura.","og_url":"https:\/\/latordera.it\/it\/i-vigneti\/","og_site_name":"La Tordera","article_modified_time":"2025-10-13T12:15:18+00:00","og_image":[{"url":"https:\/\/latordera.it\/app\/uploads\/2025\/03\/Vigneti_hero_raccoltauva.jpg","type":"","width":"","height":""}],"twitter_card":"summary_large_image","twitter_misc":{"Est. reading time":"5 minutes"},"schema":{"@context":"https:\/\/schema.org","@graph":[{"@type":"WebPage","@id":"https:\/\/latordera.it\/it\/i-vigneti\/","url":"https:\/\/latordera.it\/it\/i-vigneti\/","name":"I nostri vigneti - La Tordera","isPartOf":{"@id":"https:\/\/latordera.it\/it\/#website"},"primaryImageOfPage":{"@id":"https:\/\/latordera.it\/it\/i-vigneti\/#primaryimage"},"image":{"@id":"https:\/\/latordera.it\/it\/i-vigneti\/#primaryimage"},"thumbnailUrl":"https:\/\/latordera.it\/app\/uploads\/2025\/03\/Vigneti_hero_raccoltauva.jpg","datePublished":"2025-01-24T16:19:44+00:00","dateModified":"2025-10-13T12:15:18+00:00","description":"Dai vigneti collinari di Valdobbiadene nasce il Prosecco Superiore di La Tordera. Scopri le nostre terre e il legame con la natura.","breadcrumb":{"@id":"https:\/\/latordera.it\/it\/i-vigneti\/#breadcrumb"},"inLanguage":"it-IT","potentialAction":[{"@type":"ReadAction","target":["https:\/\/latordera.it\/it\/i-vigneti\/"]}]},{"@type":"ImageObject","inLanguage":"it-IT","@id":"https:\/\/latordera.it\/it\/i-vigneti\/#primaryimage","url":"https:\/\/latordera.it\/app\/uploads\/2025\/03\/Vigneti_hero_raccoltauva.jpg","contentUrl":"https:\/\/latordera.it\/app\/uploads\/2025\/03\/Vigneti_hero_raccoltauva.jpg"},{"@type":"BreadcrumbList","@id":"https:\/\/latordera.it\/it\/i-vigneti\/#breadcrumb","itemListElement":[{"@type":"ListItem","position":1,"name":"Home","item":"https:\/\/latordera.it\/it\/"},{"@type":"ListItem","position":2,"name":"I Vigneti"}]},{"@type":"WebSite","@id":"https:\/\/latordera.it\/it\/#website","url":"https:\/\/latordera.it\/it\/","name":"La Tordera","description":"","publisher":{"@id":"https:\/\/latordera.it\/it\/#organization"},"potentialAction":[{"@type":"SearchAction","target":{"@type":"EntryPoint","urlTemplate":"https:\/\/latordera.it\/it\/?s={search_term_string}"},"query-input":{"@type":"PropertyValueSpecification","valueRequired":true,"valueName":"search_term_string"}}],"inLanguage":"it-IT"},{"@type":"Organization","@id":"https:\/\/latordera.it\/it\/#organization","name":"La Tordera","url":"https:\/\/latordera.it\/it\/","logo":{"@type":"ImageObject","inLanguage":"it-IT","@id":"https:\/\/latordera.it\/it\/#\/schema\/logo\/image\/","url":"https:\/\/latordera.it\/app\/uploads\/2025\/02\/la-tordera-logo-mobile-b.svg","contentUrl":"https:\/\/latordera.it\/app\/uploads\/2025\/02\/la-tordera-logo-mobile-b.svg","width":99,"height":40,"caption":"La Tordera"},"image":{"@id":"https:\/\/latordera.it\/it\/#\/schema\/logo\/image\/"}}]}},"_links":{"self":[{"href":"https:\/\/latordera.it\/it\/wp-json\/wp\/v2\/pages\/36","targetHints":{"allow":["GET"]}}],"collection":[{"href":"https:\/\/latordera.it\/it\/wp-json\/wp\/v2\/pages"}],"about":[{"href":"https:\/\/latordera.it\/it\/wp-json\/wp\/v2\/types\/page"}],"author":[{"embeddable":true,"href":"https:\/\/latordera.it\/it\/wp-json\/wp\/v2\/users\/1"}],"replies":[{"embeddable":true,"href":"https:\/\/latordera.it\/it\/wp-json\/wp\/v2\/comments?post=36"}],"version-history":[{"count":3,"href":"https:\/\/latordera.it\/it\/wp-json\/wp\/v2\/pages\/36\/revisions"}],"predecessor-version":[{"id":5541,"href":"https:\/\/latordera.it\/it\/wp-json\/wp\/v2\/pages\/36\/revisions\/5541"}],"wp:attachment":[{"href":"https:\/\/latordera.it\/it\/wp-json\/wp\/v2\/media?parent=36"}],"curies":[{"name":"wp","href":"https:\/\/api.w.org\/{rel}","templated":true}]}}